{"id":1079,"date":"2019-02-05T11:19:33","date_gmt":"2019-02-05T10:19:33","guid":{"rendered":"http:\/\/www.funicolarediverona.it\/pagina-de-inicio\/"},"modified":"2023-11-08T09:25:56","modified_gmt":"2023-11-08T08:25:56","slug":"pagina-de-inicio","status":"publish","type":"page","link":"https:\/\/www.funicolarediverona.it\/es\/","title":{"rendered":"P\u00e1gina de inicio"},"content":{"rendered":"\n<style type=\"text\/css\" data-created_by=\"avia_inline_auto\" id=\"style-css-av-jlp6rg5u-9d95c40ab9e63c4a23b4278d4de2615a\">\n.avia-section.av-jlp6rg5u-9d95c40ab9e63c4a23b4278d4de2615a{\nbackground-repeat:no-repeat;\nbackground-image:url(https:\/\/www.funicolarediverona.it\/wp-content\/uploads\/2018\/09\/bkg-1.jpg);\nbackground-position:0% 0%;\nbackground-attachment:scroll;\n}\n.avia-section.av-jlp6rg5u-9d95c40ab9e63c4a23b4278d4de2615a .av-section-color-overlay{\nopacity:0.4;\nbackground-color:#222222;\nbackground-image:url(https:\/\/www.funicolarediverona.it\/wp-content\/themes\/enfold\/images\/background-images\/noise-for-dark-background.png);\nbackground-repeat:repeat;\n}\n<\/style>\n<div id='av_section_1'  class='avia-section av-jlp6rg5u-9d95c40ab9e63c4a23b4278d4de2615a main_color avia-section-default avia-no-border-styling  avia-builder-el-0  el_before_av_section  avia-builder-el-first  avia-bg-style-scroll av-section-color-overlay-active av-minimum-height av-minimum-height-100 av-height-100  av-section-with-video-bg av-section-mobile-video-disabled container_wrap fullsize'  data-section-bg-repeat='no-repeat' data-av_minimum_height_pc='100' data-av_min_height_opt='100' data-section-video-ratio='16:9'><div  class='avia-slideshow av_slideshow_obj-1-69ede4cf6d3fc avia-slideshow-featured av_slideshow avia-slide-slider av-slideshow-ui av-control-default av-slideshow-manual av-loop-once av-loop-manual-endless av-default-height-applied  av-section-video-bg avia-slideshow-1' data-slideshow-options=\"{&quot;animation&quot;:&quot;slide&quot;,&quot;autoplay&quot;:false,&quot;loop_autoplay&quot;:&quot;once&quot;,&quot;interval&quot;:5,&quot;loop_manual&quot;:&quot;manual-endless&quot;,&quot;autoplay_stopper&quot;:false,&quot;noNavigation&quot;:false,&quot;bg_slider&quot;:false,&quot;keep_padding&quot;:false,&quot;hoverpause&quot;:false,&quot;show_slide_delay&quot;:0}\"  itemprop=\"image\" itemscope=\"itemscope\" itemtype=\"https:\/\/schema.org\/ImageObject\" ><ul class='avia-slideshow-inner ' style='padding-bottom: 28.666666666667%;'><li  data-controls='disabled' data-mute='aviaTBaviaTBvideo_mute' data-loop='1' data-disable-autoplay=''  data-video-ratio='1.7777777777778' class='avia-slideshow-slide av_slideshow_obj-1-69ede4cf6d3fc__0  av-video-slide  av-video-service-vimeo  av-hide-video-controls av-mute-video av-loop-video  av-single-slide slide-1 slide-odd'><div data-rel='slideshow-1' class='avia-slide-wrap '   ><div class='av-click-overlay'><\/div><div class='mejs-mediaelement'  itemprop=\"video\" itemtype=\"https:\/\/schema.org\/VideoObject\" ><div data-src='\/\/player.vimeo.com\/video\/288374250?autoplay=1&#038;byline=0&#038;portrait=0&#038;iframe=true&#038;portrait=0&#038;byline=0&#038;title=0&#038;badge=0&#038;loop=1&#038;autopause=0&#038;api=1&#038;rel=0&#038;player_id=player_1079_301323669_592149947&#038;color=222222' data-original_url='https:\/\/vimeo.com\/288374250?autoplay=1&amp;byline=0&amp;portrait=0&amp;iframe=true' height='1600' width='900' class='av_vimeo_frame' id='player_1079_301323669_592149947'><\/div><\/div><div class=\"av-click-to-play-overlay\"><div class=\"avia_playpause_icon\"><\/div><\/div><\/div><\/li><\/ul><\/div><div class=\"av-section-color-overlay-wrap\"><div class=\"av-section-color-overlay\"><\/div><a href='#next-section' title='' class='scroll-down-link  avia-svg-icon avia-font-svg_entypo-fontello' data-av_svg_icon='down-open-mini' data-av_iconset='svg_entypo-fontello'><svg version=\"1.1\" xmlns=\"http:\/\/www.w3.org\/2000\/svg\" width=\"15\" height=\"32\" viewBox=\"0 0 15 32\" preserveAspectRatio=\"xMidYMid meet\" aria-labelledby='av-svg-title-1' aria-describedby='av-svg-desc-1' role=\"graphics-symbol\" aria-hidden=\"true\">\n<title id='av-svg-title-1'>Scroll to next section<\/title>\n<desc id='av-svg-desc-1'>Scroll to next section<\/desc>\n<path d=\"M12.96 12.16q0.704-0.832 1.536 0 0.832 0.704 0 1.536l-6.272 6.144q-0.704 0.704-1.536 0l-6.272-6.144q-0.832-0.832 0-1.536 0.768-0.768 1.6 0l5.44 4.992z\"><\/path>\n<\/svg><\/a><div class='container av-section-cont-open' ><main  role=\"main\" itemprop=\"mainContentOfPage\"  class='template-page content  av-content-full alpha units'><div class='post-entry post-entry-type-page post-entry-1079'><div class='entry-content-wrapper clearfix'>\n\n<style type=\"text\/css\" data-created_by=\"avia_inline_auto\" id=\"style-css-av-17kf2j-0822e3c02974f416251325563132f1b6\">\n.flex_column.av-17kf2j-0822e3c02974f416251325563132f1b6{\nborder-radius:0px 0px 0px 0px;\npadding:0px 0px 0px 0px;\n}\n<\/style>\n<div  class='flex_column av-17kf2j-0822e3c02974f416251325563132f1b6 av_three_fourth  avia-builder-el-1  el_before_av_one_fourth  avia-builder-el-first  first flex_column_div av-zero-column-padding  '     ><p>\n<style type=\"text\/css\" data-created_by=\"avia_inline_auto\" id=\"style-css-av-jlp6z5ix-c0315b5416aab669037ffd0c2a6431cc\">\n#top .av-rotator-container.av-jlp6z5ix-c0315b5416aab669037ffd0c2a6431cc{\ntext-align:left;\ncolor:#ffffff;\n}\n#top #wrap_all .av-rotator-container.av-jlp6z5ix-c0315b5416aab669037ffd0c2a6431cc .av-rotator-container-inner{\nfont-size:50px;\n}\n<\/style>\n\n<style type=\"text\/css\" data-created_by=\"avia_inline_auto\" id=\"style-css-sub-av-jlp6z5ix-c0315b5416aab669037ffd0c2a6431cc\">\n#top .av-rotator-container .av-rotator-text-single.av-e0wsz-3b22d980cdb3d96617e069858ee4e973{\ncolor:#bfae9b;\n}\n#top .av-rotator-container .av-rotator-text-single.av-8mq2b-aaa12597dee0cb01af078336859c1780{\ncolor:#bfae9b;\n}\n<\/style>\n<div  class='av-rotator-container av-rotation-container-left av-jlp6z5ix-c0315b5416aab669037ffd0c2a6431cc  avia-builder-el-2  el_before_av_hr  avia-builder-el-first ' data-interval='3' data-animation='1'><h2 class='av-rotator-container-inner'>FUNICULAR DEL CASTEL SAN PIETRO<span class='av-rotator-text av-rotator-multiline-on'>\n<span class='av-rotator-text-single av-e0wsz-3b22d980cdb3d96617e069858ee4e973 av-rotator-text-single-1' >DESCUBRE VERONA<\/span>\n<span class='av-rotator-text-single av-8mq2b-aaa12597dee0cb01af078336859c1780 av-rotator-text-single-2' >DESDE UN NUEVO PUNTO DE VISTA<\/span>\n<\/span><\/h2><\/div><br \/>\n\n<style type=\"text\/css\" data-created_by=\"avia_inline_auto\" id=\"style-css-av-tezkb-f0485bc5a527ffe3d5f790221b0cf308\">\n#top .hr.av-tezkb-f0485bc5a527ffe3d5f790221b0cf308{\nmargin-top:40px;\nmargin-bottom:40px;\n}\n.hr.av-tezkb-f0485bc5a527ffe3d5f790221b0cf308 .hr-inner{\nwidth:50px;\nborder-color:#ffffff;\n}\n<\/style>\n<div  class='hr av-tezkb-f0485bc5a527ffe3d5f790221b0cf308 hr-custom  avia-builder-el-3  el_after_av_headline_rotator  avia-builder-el-last  hr-left hr-icon-no'><span class='hr-inner inner-border-av-border-fat'><span class=\"hr-inner-style\"><\/span><\/span><\/div><\/p><\/div>\n<style type=\"text\/css\" data-created_by=\"avia_inline_auto\" id=\"style-css-av-m129f-f4774fc1fd4e616c1b1be385aea642d8\">\n.flex_column.av-m129f-f4774fc1fd4e616c1b1be385aea642d8{\nborder-radius:0px 0px 0px 0px;\npadding:0px 0px 0px 0px;\n}\n<\/style>\n<div  class='flex_column av-m129f-f4774fc1fd4e616c1b1be385aea642d8 av_one_fourth  avia-builder-el-4  el_after_av_three_fourth  avia-builder-el-last  flex_column_div av-zero-column-padding  '     ><p>\n<style type=\"text\/css\" data-created_by=\"avia_inline_auto\" id=\"style-css-av-g3ssj-49deb88fbca4b586ec28f4a1e9ae7a4c\">\n#top .hr.hr-invisible.av-g3ssj-49deb88fbca4b586ec28f4a1e9ae7a4c{\nheight:10px;\n}\n<\/style>\n<div  class='hr av-g3ssj-49deb88fbca4b586ec28f4a1e9ae7a4c hr-invisible  avia-builder-el-5  el_before_av_font_icon  avia-builder-el-first '><span class='hr-inner '><span class=\"hr-inner-style\"><\/span><\/span><\/div><br \/>\n\n<style type=\"text\/css\" data-created_by=\"avia_inline_auto\" id=\"style-css-av-9ymln-c7e75bc2869ba73c7397ba7f6049db71\">\n.av_font_icon.av-9ymln-c7e75bc2869ba73c7397ba7f6049db71{\ncolor:#ffffff;\nborder-color:#ffffff;\n}\n.avia-svg-icon.av-9ymln-c7e75bc2869ba73c7397ba7f6049db71 svg:first-child{\nstroke:#ffffff;\nfill:#ffffff;\n}\n.av_font_icon.av-9ymln-c7e75bc2869ba73c7397ba7f6049db71 .av-icon-char{\nfont-size:40px;\nline-height:40px;\nwidth:40px;\n}\n<\/style>\n<span  class='av_font_icon av-9ymln-c7e75bc2869ba73c7397ba7f6049db71 avia_animate_when_visible av-icon-style-border avia-icon-pos-center avia-iconfont avia-font-entypo-fontello avia-icon-animate'><a href='https:\/\/vimeo.com\/315415484'   class='av-icon-char' data-av_icon='\ue897' data-av_iconfont='entypo-fontello' aria-hidden=\"false\" ><\/a><\/span><\/p><\/div>\n\n<\/div><\/div><\/main><!-- close content main element --><\/div><\/div><\/div>\n<style type=\"text\/css\" data-created_by=\"avia_inline_auto\" id=\"style-css-av-av_section-abcda9c75601cc9ea65a91f494fbc5f7\">\n.avia-section.av-av_section-abcda9c75601cc9ea65a91f494fbc5f7{\nbackground-color:#e4d2b5;\nbackground-image:unset;\n}\n.avia-section.av-av_section-abcda9c75601cc9ea65a91f494fbc5f7 .av-section-color-overlay{\nopacity:0.5;\n}\n<\/style>\n<div id='av_section_2'  class='avia-section av-av_section-abcda9c75601cc9ea65a91f494fbc5f7 main_color avia-section-huge avia-no-border-styling  avia-builder-el-7  el_after_av_section  el_before_av_section  avia-bg-style-scroll av-section-color-overlay-active container_wrap fullsize'  ><div class=\"av-section-color-overlay-wrap\"><div class=\"av-section-color-overlay\"><\/div><div class='container av-section-cont-open' ><div class='template-page content  av-content-full alpha units'><div class='post-entry post-entry-type-page post-entry-1079'><div class='entry-content-wrapper clearfix'>\n\n<style type=\"text\/css\" data-created_by=\"avia_inline_auto\" id=\"style-css-av-av_one_full-1df1b63c6c045939f2dc1aefbdd8e7ad\">\n.flex_column.av-av_one_full-1df1b63c6c045939f2dc1aefbdd8e7ad{\nborder-radius:0px 0px 0px 0px;\npadding:0px 0px 0px 0px;\n}\n<\/style>\n<div  class='flex_column av-av_one_full-1df1b63c6c045939f2dc1aefbdd8e7ad av_one_full  avia-builder-el-8  el_before_av_one_third  avia-builder-el-first  first flex_column_div av-zero-column-padding  '     ><style type=\"text\/css\" data-created_by=\"avia_inline_auto\" id=\"style-css-av-av_heading-80644d47de600b32490620eb65bf8d87\">\n#top .av-special-heading.av-av_heading-80644d47de600b32490620eb65bf8d87{\npadding-bottom:10px;\nfont-size:34px;\n}\nbody .av-special-heading.av-av_heading-80644d47de600b32490620eb65bf8d87 .av-special-heading-tag .heading-char{\nfont-size:25px;\n}\n#top #wrap_all .av-special-heading.av-av_heading-80644d47de600b32490620eb65bf8d87 .av-special-heading-tag{\nfont-size:34px;\n}\n.av-special-heading.av-av_heading-80644d47de600b32490620eb65bf8d87 .av-subheading{\nfont-size:15px;\n}\n\n@media only screen and (min-width: 480px) and (max-width: 767px){ \n#top #wrap_all .av-special-heading.av-av_heading-80644d47de600b32490620eb65bf8d87 .av-special-heading-tag{\nfont-size:0.8em;\n}\n}\n\n@media only screen and (max-width: 479px){ \n#top #wrap_all .av-special-heading.av-av_heading-80644d47de600b32490620eb65bf8d87 .av-special-heading-tag{\nfont-size:0.8em;\n}\n}\n<\/style>\n<div  class='av-special-heading av-av_heading-80644d47de600b32490620eb65bf8d87 av-special-heading-h3 blockquote modern-quote modern-centered  avia-builder-el-9  avia-builder-el-no-sibling  av-thin-font av-inherit-size'><h3 class='av-special-heading-tag '  itemprop=\"headline\"  >FUNICULAR DE CASTEL SAN PIETRO: LA <strong>CIUDAD<\/strong> A TUS <strong>PIES<\/strong><\/h3><div class=\"special-heading-border\"><div class=\"special-heading-inner-border\"><\/div><\/div><\/div><\/div>\n<style type=\"text\/css\" data-created_by=\"avia_inline_auto\" id=\"style-css-av-av_one_third-1df1b63c6c045939f2dc1aefbdd8e7ad\">\n.flex_column.av-av_one_third-1df1b63c6c045939f2dc1aefbdd8e7ad{\nborder-radius:0px 0px 0px 0px;\npadding:0px 0px 0px 0px;\n}\n<\/style>\n<div  class='flex_column av-av_one_third-1df1b63c6c045939f2dc1aefbdd8e7ad av_one_third  avia-builder-el-10  el_after_av_one_full  el_before_av_one_third  first flex_column_div av-zero-column-padding  column-top-margin'     ><section  class='av_textblock_section av-av_textblock-18ec860c7e07088d2c0a993b614e8019 '   itemscope=\"itemscope\" itemtype=\"https:\/\/schema.org\/CreativeWork\" ><div class='avia_textblock'  itemprop=\"text\" ><p>El <strong>Funicular del Castel San Pietro<\/strong>, situado en el coraz\u00f3n de la Verona romana, permite subir en poco m\u00e1s de un minuto al mirador de la <strong>colina de San Pietro<\/strong>, que ofrece a los visitantes una de las vistas m\u00e1s bellas y rom\u00e1nticas de la ciudad. Desde la <strong>terraza panor\u00e1mica<\/strong> podr\u00e1s admirar el curso del r\u00edo Adigio que discurre bajo el Puente de Piedra y el casco hist\u00f3rico con sus campanarios y sus edificios de todas las \u00e9pocas.<\/p>\n<\/div><\/section><\/div>\n<style type=\"text\/css\" data-created_by=\"avia_inline_auto\" id=\"style-css-av-av_one_third-862f0c8b97abc46405e90743a1c7ee0e\">\n.flex_column.av-av_one_third-862f0c8b97abc46405e90743a1c7ee0e{\nborder-radius:0px 0px 0px 0px;\npadding:0px 0px 0px 0px;\n}\n<\/style>\n<div  class='flex_column av-av_one_third-862f0c8b97abc46405e90743a1c7ee0e av_one_third  avia-builder-el-12  el_after_av_one_third  el_before_av_one_third  flex_column_div av-zero-column-padding  column-top-margin'     ><section  class='av_textblock_section av-av_textblock-18ec860c7e07088d2c0a993b614e8019 '   itemscope=\"itemscope\" itemtype=\"https:\/\/schema.org\/CreativeWork\" ><div class='avia_textblock'  itemprop=\"text\" ><p>El <strong>Funicular<\/strong> es tambi\u00e9n el punto de partida ideal para dar un paseo y descubrir las rutas a pie repletas de vegetaci\u00f3n y la tranquilidad de las colinas que rodean <strong>Verona<\/strong>. Accesible durante todo el a\u00f1o, los visitantes pueden optar por utilizar el funicular para subir y bajar la colina o realizar \u00fanicamente el trayecto de subida o el trayecto bajada.<\/p>\n<\/div><\/section><\/div>\n<style type=\"text\/css\" data-created_by=\"avia_inline_auto\" id=\"style-css-av-av_one_third-862f0c8b97abc46405e90743a1c7ee0e\">\n.flex_column.av-av_one_third-862f0c8b97abc46405e90743a1c7ee0e{\nborder-radius:0px 0px 0px 0px;\npadding:0px 0px 0px 0px;\n}\n<\/style>\n<div  class='flex_column av-av_one_third-862f0c8b97abc46405e90743a1c7ee0e av_one_third  avia-builder-el-14  el_after_av_one_third  avia-builder-el-last  flex_column_div av-zero-column-padding  column-top-margin'     ><section  class='av_textblock_section av-av_textblock-18ec860c7e07088d2c0a993b614e8019 '   itemscope=\"itemscope\" itemtype=\"https:\/\/schema.org\/CreativeWork\" ><div class='avia_textblock'  itemprop=\"text\" ><p>Si durante el d\u00eda, el <strong>funicular<\/strong> es un medio para subir f\u00e1cilmente a la cima de la colina de San Pietro, por la noche transporta a sus pasajeros a la <strong>terraza panor\u00e1mica<\/strong>, que se convierte en un lugar exclusivo para celebrar eventos p\u00fablicos y privados.<\/p>\n<\/div><\/section><\/div><\/div><\/div><\/div><!-- close content main div --><\/div><\/div><\/div><div id='av_section_3'  class='avia-section av-jlpb9kaf-62e5f75adb3d66ab76055fcff11ffbdc main_color avia-section-huge avia-no-border-styling  avia-builder-el-16  el_after_av_section  el_before_av_section  avia-bg-style-scroll av-minimum-height av-minimum-height-50 av-height-50  container_wrap fullsize'   data-av_minimum_height_pc='50' data-av_min_height_opt='50'><div class='container av-section-cont-open' ><div class='template-page content  av-content-full alpha units'><div class='post-entry post-entry-type-page post-entry-1079'><div class='entry-content-wrapper clearfix'>\n\n<style type=\"text\/css\" data-created_by=\"avia_inline_auto\" id=\"style-css-av-elxqz-6a9cf51330eb4af6ea61fac658370401\">\n.flex_column.av-elxqz-6a9cf51330eb4af6ea61fac658370401{\nborder-radius:0px 0px 0px 0px;\npadding:0px 0px 0px 0px;\n}\n<\/style>\n<div  class='flex_column av-elxqz-6a9cf51330eb4af6ea61fac658370401 av_one_half  avia-builder-el-17  el_before_av_one_half  avia-builder-el-first  first flex_column_div av-zero-column-padding  '     ><p>\n<style type=\"text\/css\" data-created_by=\"avia_inline_auto\" id=\"style-css-av-ez9or-f3181a55777d61eed3ff67d927e72ba3\">\n#top .av-special-heading.av-ez9or-f3181a55777d61eed3ff67d927e72ba3{\npadding-bottom:10px;\nfont-size:34px;\n}\nbody .av-special-heading.av-ez9or-f3181a55777d61eed3ff67d927e72ba3 .av-special-heading-tag .heading-char{\nfont-size:25px;\n}\n#top #wrap_all .av-special-heading.av-ez9or-f3181a55777d61eed3ff67d927e72ba3 .av-special-heading-tag{\nfont-size:34px;\n}\n.av-special-heading.av-ez9or-f3181a55777d61eed3ff67d927e72ba3 .av-subheading{\nfont-size:15px;\n}\n\n@media only screen and (min-width: 480px) and (max-width: 767px){ \n#top #wrap_all .av-special-heading.av-ez9or-f3181a55777d61eed3ff67d927e72ba3 .av-special-heading-tag{\nfont-size:0.8em;\n}\n}\n\n@media only screen and (max-width: 479px){ \n#top #wrap_all .av-special-heading.av-ez9or-f3181a55777d61eed3ff67d927e72ba3 .av-special-heading-tag{\nfont-size:0.8em;\n}\n}\n<\/style>\n<div  class='av-special-heading av-ez9or-f3181a55777d61eed3ff67d927e72ba3 av-special-heading-h1 blockquote modern-quote  avia-builder-el-18  el_before_av_textblock  avia-builder-el-first  av-thin-font av-inherit-size'><h1 class='av-special-heading-tag '  itemprop=\"headline\"  ><strong>GALER\u00cdA<\/strong> DE FOTOS<\/h1><div class=\"special-heading-border\"><div class=\"special-heading-inner-border\"><\/div><\/div><\/div><br \/>\n<section  class='av_textblock_section av-jlpbc4po-b66df81e974ed495d0291caa390e90ca '   itemscope=\"itemscope\" itemtype=\"https:\/\/schema.org\/CreativeWork\" ><div class='avia_textblock'  itemprop=\"text\" ><p>Subir en el Funicular y contemplar la ciudad de Verona desde la terraza panor\u00e1mica de la colina de San Pietro es una experiencia \u00fanica e imperdible. Solo tienes que echar un vistazo a la galer\u00eda de fotos para convencerte de que tienes que montar en el funicular en tu pr\u00f3xima visita a la ciudad.<\/p>\n<\/div><\/section><br \/>\n\n<style type=\"text\/css\" data-created_by=\"avia_inline_auto\" id=\"style-css-av-jlpbdacb-f98ad5d94166c0214d8efcffde82a21c\">\n#top .avia-gallery.av-jlpbdacb-f98ad5d94166c0214d8efcffde82a21c .avia-gallery-thumb a{\nwidth:20%;\n}\n<\/style>\n<div  class='avia-gallery av-jlpbdacb-f98ad5d94166c0214d8efcffde82a21c avia_animate_when_visible  avia-builder-el-20  el_after_av_textblock  avia-builder-el-last  av-hide-gallery-thumbs deactivate_avia_lazyload av-slideshow-ui av-loop-manual-endless av-control-hidden av-navigate-arrows av-navigate-dots hover-effect av-control-hidden avia-gallery-animate avia-gallery-1'  itemprop=\"image\" itemscope=\"itemscope\" itemtype=\"https:\/\/schema.org\/ImageObject\" ><meta itemprop=\"contentURL\" content=\"https:\/\/www.funicolarediverona.it\/es\/\"><div class='avia-gallery-big-wrapper'><a class='avia-gallery-big fakeLightbox lightbox avia-gallery-big-crop-thumb ' href=\"https:\/\/www.funicolarediverona.it\/wp-content\/uploads\/2018\/11\/Agec-Funicolare-2-1030x688.jpg\" data-srcset=\"https:\/\/www.funicolarediverona.it\/wp-content\/uploads\/2018\/11\/Agec-Funicolare-2-1030x688.jpg 1030w, https:\/\/www.funicolarediverona.it\/wp-content\/uploads\/2018\/11\/Agec-Funicolare-2-300x200.jpg 300w, https:\/\/www.funicolarediverona.it\/wp-content\/uploads\/2018\/11\/Agec-Funicolare-2-768x513.jpg 768w, https:\/\/www.funicolarediverona.it\/wp-content\/uploads\/2018\/11\/Agec-Funicolare-2-1500x1001.jpg 1500w, https:\/\/www.funicolarediverona.it\/wp-content\/uploads\/2018\/11\/Agec-Funicolare-2-705x471.jpg 705w, https:\/\/www.funicolarediverona.it\/wp-content\/uploads\/2018\/11\/Agec-Funicolare-2-450x300.jpg 450w, https:\/\/www.funicolarediverona.it\/wp-content\/uploads\/2018\/11\/Agec-Funicolare-2.jpg 1600w\" data-sizes=\"(max-width: 1030px) 100vw, 1030px\"  data-onclick='1' title='Agec-Funicolare-2' ><span class='avia-gallery-big-inner'  itemprop=\"thumbnailUrl\" ><img decoding=\"async\" fetchpriority=\"high\" class=\"wp-image-726 avia-img-lazy-loading-not-726\"  width=\"1030\" height=\"688\" src=\"https:\/\/www.funicolarediverona.it\/wp-content\/uploads\/2018\/11\/Agec-Funicolare-2-1030x688.jpg\" title='Agec-Funicolare-2' alt='' srcset=\"https:\/\/www.funicolarediverona.it\/wp-content\/uploads\/2018\/11\/Agec-Funicolare-2-1030x688.jpg 1030w, https:\/\/www.funicolarediverona.it\/wp-content\/uploads\/2018\/11\/Agec-Funicolare-2-300x200.jpg 300w, https:\/\/www.funicolarediverona.it\/wp-content\/uploads\/2018\/11\/Agec-Funicolare-2-768x513.jpg 768w, https:\/\/www.funicolarediverona.it\/wp-content\/uploads\/2018\/11\/Agec-Funicolare-2-1500x1001.jpg 1500w, https:\/\/www.funicolarediverona.it\/wp-content\/uploads\/2018\/11\/Agec-Funicolare-2-705x471.jpg 705w, https:\/\/www.funicolarediverona.it\/wp-content\/uploads\/2018\/11\/Agec-Funicolare-2-450x300.jpg 450w, https:\/\/www.funicolarediverona.it\/wp-content\/uploads\/2018\/11\/Agec-Funicolare-2.jpg 1600w\" sizes=\"(max-width: 1030px) 100vw, 1030px\" \/><\/span><\/a><\/div><div class='avia-gallery-thumb'><a href=\"https:\/\/www.funicolarediverona.it\/wp-content\/uploads\/2018\/11\/Agec-Funicolare-2-1030x688.jpg\" data-srcset=\"https:\/\/www.funicolarediverona.it\/wp-content\/uploads\/2018\/11\/Agec-Funicolare-2-1030x688.jpg 1030w, https:\/\/www.funicolarediverona.it\/wp-content\/uploads\/2018\/11\/Agec-Funicolare-2-300x200.jpg 300w, https:\/\/www.funicolarediverona.it\/wp-content\/uploads\/2018\/11\/Agec-Funicolare-2-768x513.jpg 768w, https:\/\/www.funicolarediverona.it\/wp-content\/uploads\/2018\/11\/Agec-Funicolare-2-1500x1001.jpg 1500w, https:\/\/www.funicolarediverona.it\/wp-content\/uploads\/2018\/11\/Agec-Funicolare-2-705x471.jpg 705w, https:\/\/www.funicolarediverona.it\/wp-content\/uploads\/2018\/11\/Agec-Funicolare-2-450x300.jpg 450w, https:\/\/www.funicolarediverona.it\/wp-content\/uploads\/2018\/11\/Agec-Funicolare-2.jpg 1600w\" data-sizes=\"(max-width: 1030px) 100vw, 1030px\" data-rel='gallery-1' data-prev-img='https:\/\/www.funicolarediverona.it\/wp-content\/uploads\/2018\/11\/Agec-Funicolare-2-1030x688.jpg' class='first_thumb lightbox ' data-onclick='1' title='Agec-Funicolare-2'  itemprop=\"thumbnailUrl\"  ><img decoding=\"async\" fetchpriority=\"high\" class=\"wp-image-726 avia-img-lazy-loading-not-726\"   src=\"https:\/\/www.funicolarediverona.it\/wp-content\/uploads\/2018\/11\/Agec-Funicolare-2-495x400.jpg\" width=\"495\" height=\"400\"  title='Agec-Funicolare-2' alt='' srcset=\"https:\/\/www.funicolarediverona.it\/wp-content\/uploads\/2018\/11\/Agec-Funicolare-2-495x400.jpg 495w, https:\/\/www.funicolarediverona.it\/wp-content\/uploads\/2018\/11\/Agec-Funicolare-2-845x684.jpg 845w\" sizes=\"(max-width: 495px) 100vw, 495px\" \/><div class='big-prev-fake'><img decoding=\"async\" loading=\"lazy\" class=\"wp-image-726 avia-img-lazy-loading-726\"  width=\"1030\" height=\"688\" src=\"https:\/\/www.funicolarediverona.it\/wp-content\/uploads\/2018\/11\/Agec-Funicolare-2-1030x688.jpg\" title='Agec-Funicolare-2' alt='' srcset=\"https:\/\/www.funicolarediverona.it\/wp-content\/uploads\/2018\/11\/Agec-Funicolare-2-1030x688.jpg 1030w, https:\/\/www.funicolarediverona.it\/wp-content\/uploads\/2018\/11\/Agec-Funicolare-2-300x200.jpg 300w, https:\/\/www.funicolarediverona.it\/wp-content\/uploads\/2018\/11\/Agec-Funicolare-2-768x513.jpg 768w, https:\/\/www.funicolarediverona.it\/wp-content\/uploads\/2018\/11\/Agec-Funicolare-2-1500x1001.jpg 1500w, https:\/\/www.funicolarediverona.it\/wp-content\/uploads\/2018\/11\/Agec-Funicolare-2-705x471.jpg 705w, https:\/\/www.funicolarediverona.it\/wp-content\/uploads\/2018\/11\/Agec-Funicolare-2-450x300.jpg 450w, https:\/\/www.funicolarediverona.it\/wp-content\/uploads\/2018\/11\/Agec-Funicolare-2.jpg 1600w\" sizes=\"auto, (max-width: 1030px) 100vw, 1030px\" \/><\/div><\/a><a href=\"https:\/\/www.funicolarediverona.it\/wp-content\/uploads\/2018\/11\/Agec-Funicolare-7-1030x688.jpg\" data-srcset=\"https:\/\/www.funicolarediverona.it\/wp-content\/uploads\/2018\/11\/Agec-Funicolare-7-1030x688.jpg 1030w, https:\/\/www.funicolarediverona.it\/wp-content\/uploads\/2018\/11\/Agec-Funicolare-7-300x200.jpg 300w, https:\/\/www.funicolarediverona.it\/wp-content\/uploads\/2018\/11\/Agec-Funicolare-7-768x513.jpg 768w, https:\/\/www.funicolarediverona.it\/wp-content\/uploads\/2018\/11\/Agec-Funicolare-7-1500x1001.jpg 1500w, https:\/\/www.funicolarediverona.it\/wp-content\/uploads\/2018\/11\/Agec-Funicolare-7-705x471.jpg 705w, https:\/\/www.funicolarediverona.it\/wp-content\/uploads\/2018\/11\/Agec-Funicolare-7.jpg 1600w\" data-sizes=\"(max-width: 1030px) 100vw, 1030px\" data-rel='gallery-1' data-prev-img='https:\/\/www.funicolarediverona.it\/wp-content\/uploads\/2018\/11\/Agec-Funicolare-7-1030x688.jpg' class='lightbox ' data-onclick='2' title='Agec-Funicolare-7'  itemprop=\"thumbnailUrl\"  ><img decoding=\"async\" fetchpriority=\"high\" class=\"wp-image-746 avia-img-lazy-loading-not-746\"   src=\"https:\/\/www.funicolarediverona.it\/wp-content\/uploads\/2018\/11\/Agec-Funicolare-7-495x400.jpg\" width=\"495\" height=\"400\"  title='Agec-Funicolare-7' alt='' srcset=\"https:\/\/www.funicolarediverona.it\/wp-content\/uploads\/2018\/11\/Agec-Funicolare-7-495x400.jpg 495w, https:\/\/www.funicolarediverona.it\/wp-content\/uploads\/2018\/11\/Agec-Funicolare-7-845x684.jpg 845w\" sizes=\"(max-width: 495px) 100vw, 495px\" \/><div class='big-prev-fake'><img decoding=\"async\" loading=\"lazy\" class=\"wp-image-746 avia-img-lazy-loading-746\"  width=\"1030\" height=\"688\" src=\"https:\/\/www.funicolarediverona.it\/wp-content\/uploads\/2018\/11\/Agec-Funicolare-7-1030x688.jpg\" title='Agec-Funicolare-7' alt='' srcset=\"https:\/\/www.funicolarediverona.it\/wp-content\/uploads\/2018\/11\/Agec-Funicolare-7-1030x688.jpg 1030w, https:\/\/www.funicolarediverona.it\/wp-content\/uploads\/2018\/11\/Agec-Funicolare-7-300x200.jpg 300w, https:\/\/www.funicolarediverona.it\/wp-content\/uploads\/2018\/11\/Agec-Funicolare-7-768x513.jpg 768w, https:\/\/www.funicolarediverona.it\/wp-content\/uploads\/2018\/11\/Agec-Funicolare-7-1500x1001.jpg 1500w, https:\/\/www.funicolarediverona.it\/wp-content\/uploads\/2018\/11\/Agec-Funicolare-7-705x471.jpg 705w, https:\/\/www.funicolarediverona.it\/wp-content\/uploads\/2018\/11\/Agec-Funicolare-7.jpg 1600w\" sizes=\"auto, (max-width: 1030px) 100vw, 1030px\" \/><\/div><\/a><a href=\"https:\/\/www.funicolarediverona.it\/wp-content\/uploads\/2018\/11\/Agec-Funicolare-4-1-1030x692.jpg\" data-srcset=\"https:\/\/www.funicolarediverona.it\/wp-content\/uploads\/2018\/11\/Agec-Funicolare-4-1-1030x692.jpg 1030w, https:\/\/www.funicolarediverona.it\/wp-content\/uploads\/2018\/11\/Agec-Funicolare-4-1-300x202.jpg 300w, https:\/\/www.funicolarediverona.it\/wp-content\/uploads\/2018\/11\/Agec-Funicolare-4-1-768x516.jpg 768w, https:\/\/www.funicolarediverona.it\/wp-content\/uploads\/2018\/11\/Agec-Funicolare-4-1-1500x1008.jpg 1500w, https:\/\/www.funicolarediverona.it\/wp-content\/uploads\/2018\/11\/Agec-Funicolare-4-1-705x474.jpg 705w, https:\/\/www.funicolarediverona.it\/wp-content\/uploads\/2018\/11\/Agec-Funicolare-4-1-450x302.jpg 450w, https:\/\/www.funicolarediverona.it\/wp-content\/uploads\/2018\/11\/Agec-Funicolare-4-1.jpg 1600w\" data-sizes=\"(max-width: 1030px) 100vw, 1030px\" data-rel='gallery-1' data-prev-img='https:\/\/www.funicolarediverona.it\/wp-content\/uploads\/2018\/11\/Agec-Funicolare-4-1-1030x692.jpg' class='lightbox ' data-onclick='3' title='Agec-Funicolare-4'  itemprop=\"thumbnailUrl\"  ><img decoding=\"async\" fetchpriority=\"high\" class=\"wp-image-750 avia-img-lazy-loading-not-750\"   src=\"https:\/\/www.funicolarediverona.it\/wp-content\/uploads\/2018\/11\/Agec-Funicolare-4-1-495x400.jpg\" width=\"495\" height=\"400\"  title='Agec-Funicolare-4' alt='' srcset=\"https:\/\/www.funicolarediverona.it\/wp-content\/uploads\/2018\/11\/Agec-Funicolare-4-1-495x400.jpg 495w, https:\/\/www.funicolarediverona.it\/wp-content\/uploads\/2018\/11\/Agec-Funicolare-4-1-845x684.jpg 845w\" sizes=\"(max-width: 495px) 100vw, 495px\" \/><div class='big-prev-fake'><img decoding=\"async\" loading=\"lazy\" class=\"wp-image-750 avia-img-lazy-loading-750\"  width=\"1030\" height=\"692\" src=\"https:\/\/www.funicolarediverona.it\/wp-content\/uploads\/2018\/11\/Agec-Funicolare-4-1-1030x692.jpg\" title='Agec-Funicolare-4' alt='' srcset=\"https:\/\/www.funicolarediverona.it\/wp-content\/uploads\/2018\/11\/Agec-Funicolare-4-1-1030x692.jpg 1030w, https:\/\/www.funicolarediverona.it\/wp-content\/uploads\/2018\/11\/Agec-Funicolare-4-1-300x202.jpg 300w, https:\/\/www.funicolarediverona.it\/wp-content\/uploads\/2018\/11\/Agec-Funicolare-4-1-768x516.jpg 768w, https:\/\/www.funicolarediverona.it\/wp-content\/uploads\/2018\/11\/Agec-Funicolare-4-1-1500x1008.jpg 1500w, https:\/\/www.funicolarediverona.it\/wp-content\/uploads\/2018\/11\/Agec-Funicolare-4-1-705x474.jpg 705w, https:\/\/www.funicolarediverona.it\/wp-content\/uploads\/2018\/11\/Agec-Funicolare-4-1-450x302.jpg 450w, https:\/\/www.funicolarediverona.it\/wp-content\/uploads\/2018\/11\/Agec-Funicolare-4-1.jpg 1600w\" sizes=\"auto, (max-width: 1030px) 100vw, 1030px\" \/><\/div><\/a><a href=\"https:\/\/www.funicolarediverona.it\/wp-content\/uploads\/2018\/11\/Agec-Funicolare-8-2-1030x688.jpg\" data-srcset=\"https:\/\/www.funicolarediverona.it\/wp-content\/uploads\/2018\/11\/Agec-Funicolare-8-2-1030x688.jpg 1030w, https:\/\/www.funicolarediverona.it\/wp-content\/uploads\/2018\/11\/Agec-Funicolare-8-2-300x200.jpg 300w, https:\/\/www.funicolarediverona.it\/wp-content\/uploads\/2018\/11\/Agec-Funicolare-8-2-768x513.jpg 768w, https:\/\/www.funicolarediverona.it\/wp-content\/uploads\/2018\/11\/Agec-Funicolare-8-2-1500x1001.jpg 1500w, https:\/\/www.funicolarediverona.it\/wp-content\/uploads\/2018\/11\/Agec-Funicolare-8-2-705x471.jpg 705w, https:\/\/www.funicolarediverona.it\/wp-content\/uploads\/2018\/11\/Agec-Funicolare-8-2-450x300.jpg 450w, https:\/\/www.funicolarediverona.it\/wp-content\/uploads\/2018\/11\/Agec-Funicolare-8-2.jpg 1600w\" data-sizes=\"(max-width: 1030px) 100vw, 1030px\" data-rel='gallery-1' data-prev-img='https:\/\/www.funicolarediverona.it\/wp-content\/uploads\/2018\/11\/Agec-Funicolare-8-2-1030x688.jpg' class='lightbox ' data-onclick='4' title='Agec-Funicolare-8'  itemprop=\"thumbnailUrl\"  ><img decoding=\"async\" fetchpriority=\"high\" class=\"wp-image-754 avia-img-lazy-loading-not-754\"   src=\"https:\/\/www.funicolarediverona.it\/wp-content\/uploads\/2018\/11\/Agec-Funicolare-8-2-495x400.jpg\" width=\"495\" height=\"400\"  title='Agec-Funicolare-8' alt='' srcset=\"https:\/\/www.funicolarediverona.it\/wp-content\/uploads\/2018\/11\/Agec-Funicolare-8-2-495x400.jpg 495w, https:\/\/www.funicolarediverona.it\/wp-content\/uploads\/2018\/11\/Agec-Funicolare-8-2-845x684.jpg 845w\" sizes=\"(max-width: 495px) 100vw, 495px\" \/><div class='big-prev-fake'><img decoding=\"async\" loading=\"lazy\" class=\"wp-image-754 avia-img-lazy-loading-754\"  width=\"1030\" height=\"688\" src=\"https:\/\/www.funicolarediverona.it\/wp-content\/uploads\/2018\/11\/Agec-Funicolare-8-2-1030x688.jpg\" title='Agec-Funicolare-8' alt='' srcset=\"https:\/\/www.funicolarediverona.it\/wp-content\/uploads\/2018\/11\/Agec-Funicolare-8-2-1030x688.jpg 1030w, https:\/\/www.funicolarediverona.it\/wp-content\/uploads\/2018\/11\/Agec-Funicolare-8-2-300x200.jpg 300w, https:\/\/www.funicolarediverona.it\/wp-content\/uploads\/2018\/11\/Agec-Funicolare-8-2-768x513.jpg 768w, https:\/\/www.funicolarediverona.it\/wp-content\/uploads\/2018\/11\/Agec-Funicolare-8-2-1500x1001.jpg 1500w, https:\/\/www.funicolarediverona.it\/wp-content\/uploads\/2018\/11\/Agec-Funicolare-8-2-705x471.jpg 705w, https:\/\/www.funicolarediverona.it\/wp-content\/uploads\/2018\/11\/Agec-Funicolare-8-2-450x300.jpg 450w, https:\/\/www.funicolarediverona.it\/wp-content\/uploads\/2018\/11\/Agec-Funicolare-8-2.jpg 1600w\" sizes=\"auto, (max-width: 1030px) 100vw, 1030px\" \/><\/div><\/a><a href=\"https:\/\/www.funicolarediverona.it\/wp-content\/uploads\/2018\/11\/Agec-Funicolare-3-1030x688.jpg\" data-srcset=\"https:\/\/www.funicolarediverona.it\/wp-content\/uploads\/2018\/11\/Agec-Funicolare-3-1030x688.jpg 1030w, https:\/\/www.funicolarediverona.it\/wp-content\/uploads\/2018\/11\/Agec-Funicolare-3-300x200.jpg 300w, https:\/\/www.funicolarediverona.it\/wp-content\/uploads\/2018\/11\/Agec-Funicolare-3-768x513.jpg 768w, https:\/\/www.funicolarediverona.it\/wp-content\/uploads\/2018\/11\/Agec-Funicolare-3-1500x1001.jpg 1500w, https:\/\/www.funicolarediverona.it\/wp-content\/uploads\/2018\/11\/Agec-Funicolare-3-705x471.jpg 705w, https:\/\/www.funicolarediverona.it\/wp-content\/uploads\/2018\/11\/Agec-Funicolare-3-450x300.jpg 450w, https:\/\/www.funicolarediverona.it\/wp-content\/uploads\/2018\/11\/Agec-Funicolare-3.jpg 1600w\" data-sizes=\"(max-width: 1030px) 100vw, 1030px\" data-rel='gallery-1' data-prev-img='https:\/\/www.funicolarediverona.it\/wp-content\/uploads\/2018\/11\/Agec-Funicolare-3-1030x688.jpg' class='lightbox ' data-onclick='5' title='Agec-Funicolare-3'  itemprop=\"thumbnailUrl\"  ><img decoding=\"async\" fetchpriority=\"high\" class=\"wp-image-742 avia-img-lazy-loading-not-742\"   src=\"https:\/\/www.funicolarediverona.it\/wp-content\/uploads\/2018\/11\/Agec-Funicolare-3-495x400.jpg\" width=\"495\" height=\"400\"  title='Agec-Funicolare-3' alt='' srcset=\"https:\/\/www.funicolarediverona.it\/wp-content\/uploads\/2018\/11\/Agec-Funicolare-3-495x400.jpg 495w, https:\/\/www.funicolarediverona.it\/wp-content\/uploads\/2018\/11\/Agec-Funicolare-3-845x684.jpg 845w\" sizes=\"(max-width: 495px) 100vw, 495px\" \/><div class='big-prev-fake'><img decoding=\"async\" loading=\"lazy\" class=\"wp-image-742 avia-img-lazy-loading-742\"  width=\"1030\" height=\"688\" src=\"https:\/\/www.funicolarediverona.it\/wp-content\/uploads\/2018\/11\/Agec-Funicolare-3-1030x688.jpg\" title='Agec-Funicolare-3' alt='' srcset=\"https:\/\/www.funicolarediverona.it\/wp-content\/uploads\/2018\/11\/Agec-Funicolare-3-1030x688.jpg 1030w, https:\/\/www.funicolarediverona.it\/wp-content\/uploads\/2018\/11\/Agec-Funicolare-3-300x200.jpg 300w, https:\/\/www.funicolarediverona.it\/wp-content\/uploads\/2018\/11\/Agec-Funicolare-3-768x513.jpg 768w, https:\/\/www.funicolarediverona.it\/wp-content\/uploads\/2018\/11\/Agec-Funicolare-3-1500x1001.jpg 1500w, https:\/\/www.funicolarediverona.it\/wp-content\/uploads\/2018\/11\/Agec-Funicolare-3-705x471.jpg 705w, https:\/\/www.funicolarediverona.it\/wp-content\/uploads\/2018\/11\/Agec-Funicolare-3-450x300.jpg 450w, https:\/\/www.funicolarediverona.it\/wp-content\/uploads\/2018\/11\/Agec-Funicolare-3.jpg 1600w\" sizes=\"auto, (max-width: 1030px) 100vw, 1030px\" \/><\/div><\/a><a href=\"https:\/\/www.funicolarediverona.it\/wp-content\/uploads\/2018\/11\/Agec-Funicolare-6-1030x687.jpg\" data-srcset=\"https:\/\/www.funicolarediverona.it\/wp-content\/uploads\/2018\/11\/Agec-Funicolare-6-1030x687.jpg 1030w, https:\/\/www.funicolarediverona.it\/wp-content\/uploads\/2018\/11\/Agec-Funicolare-6-300x200.jpg 300w, https:\/\/www.funicolarediverona.it\/wp-content\/uploads\/2018\/11\/Agec-Funicolare-6-768x512.jpg 768w, https:\/\/www.funicolarediverona.it\/wp-content\/uploads\/2018\/11\/Agec-Funicolare-6-1500x1000.jpg 1500w, https:\/\/www.funicolarediverona.it\/wp-content\/uploads\/2018\/11\/Agec-Funicolare-6-705x470.jpg 705w, https:\/\/www.funicolarediverona.it\/wp-content\/uploads\/2018\/11\/Agec-Funicolare-6-450x300.jpg 450w, https:\/\/www.funicolarediverona.it\/wp-content\/uploads\/2018\/11\/Agec-Funicolare-6.jpg 1600w\" data-sizes=\"(max-width: 1030px) 100vw, 1030px\" data-rel='gallery-1' data-prev-img='https:\/\/www.funicolarediverona.it\/wp-content\/uploads\/2018\/11\/Agec-Funicolare-6-1030x687.jpg' class='first_thumb lightbox ' data-onclick='6' title='Agec-Funicolare-6'  itemprop=\"thumbnailUrl\"  ><img decoding=\"async\" fetchpriority=\"high\" class=\"wp-image-738 avia-img-lazy-loading-not-738\"   src=\"https:\/\/www.funicolarediverona.it\/wp-content\/uploads\/2018\/11\/Agec-Funicolare-6-495x400.jpg\" width=\"495\" height=\"400\"  title='Agec-Funicolare-6' alt='' srcset=\"https:\/\/www.funicolarediverona.it\/wp-content\/uploads\/2018\/11\/Agec-Funicolare-6-495x400.jpg 495w, https:\/\/www.funicolarediverona.it\/wp-content\/uploads\/2018\/11\/Agec-Funicolare-6-845x684.jpg 845w\" sizes=\"(max-width: 495px) 100vw, 495px\" \/><div class='big-prev-fake'><img decoding=\"async\" loading=\"lazy\" class=\"wp-image-738 avia-img-lazy-loading-738\"  width=\"1030\" height=\"687\" src=\"https:\/\/www.funicolarediverona.it\/wp-content\/uploads\/2018\/11\/Agec-Funicolare-6-1030x687.jpg\" title='Agec-Funicolare-6' alt='' srcset=\"https:\/\/www.funicolarediverona.it\/wp-content\/uploads\/2018\/11\/Agec-Funicolare-6-1030x687.jpg 1030w, https:\/\/www.funicolarediverona.it\/wp-content\/uploads\/2018\/11\/Agec-Funicolare-6-300x200.jpg 300w, https:\/\/www.funicolarediverona.it\/wp-content\/uploads\/2018\/11\/Agec-Funicolare-6-768x512.jpg 768w, https:\/\/www.funicolarediverona.it\/wp-content\/uploads\/2018\/11\/Agec-Funicolare-6-1500x1000.jpg 1500w, https:\/\/www.funicolarediverona.it\/wp-content\/uploads\/2018\/11\/Agec-Funicolare-6-705x470.jpg 705w, https:\/\/www.funicolarediverona.it\/wp-content\/uploads\/2018\/11\/Agec-Funicolare-6-450x300.jpg 450w, https:\/\/www.funicolarediverona.it\/wp-content\/uploads\/2018\/11\/Agec-Funicolare-6.jpg 1600w\" sizes=\"auto, (max-width: 1030px) 100vw, 1030px\" \/><\/div><\/a><a href=\"https:\/\/www.funicolarediverona.it\/wp-content\/uploads\/2018\/11\/Agec-Funicolare-10-1030x688.jpg\" data-srcset=\"https:\/\/www.funicolarediverona.it\/wp-content\/uploads\/2018\/11\/Agec-Funicolare-10-1030x688.jpg 1030w, https:\/\/www.funicolarediverona.it\/wp-content\/uploads\/2018\/11\/Agec-Funicolare-10-300x200.jpg 300w, https:\/\/www.funicolarediverona.it\/wp-content\/uploads\/2018\/11\/Agec-Funicolare-10-768x513.jpg 768w, https:\/\/www.funicolarediverona.it\/wp-content\/uploads\/2018\/11\/Agec-Funicolare-10-1500x1001.jpg 1500w, https:\/\/www.funicolarediverona.it\/wp-content\/uploads\/2018\/11\/Agec-Funicolare-10-705x471.jpg 705w, https:\/\/www.funicolarediverona.it\/wp-content\/uploads\/2018\/11\/Agec-Funicolare-10-450x300.jpg 450w, https:\/\/www.funicolarediverona.it\/wp-content\/uploads\/2018\/11\/Agec-Funicolare-10.jpg 1600w\" data-sizes=\"(max-width: 1030px) 100vw, 1030px\" data-rel='gallery-1' data-prev-img='https:\/\/www.funicolarediverona.it\/wp-content\/uploads\/2018\/11\/Agec-Funicolare-10-1030x688.jpg' class='lightbox ' data-onclick='7' title='Agec-Funicolare-10'  itemprop=\"thumbnailUrl\"  ><img decoding=\"async\" fetchpriority=\"high\" class=\"wp-image-734 avia-img-lazy-loading-not-734\"   src=\"https:\/\/www.funicolarediverona.it\/wp-content\/uploads\/2018\/11\/Agec-Funicolare-10-495x400.jpg\" width=\"495\" height=\"400\"  title='Agec-Funicolare-10' alt='' srcset=\"https:\/\/www.funicolarediverona.it\/wp-content\/uploads\/2018\/11\/Agec-Funicolare-10-495x400.jpg 495w, https:\/\/www.funicolarediverona.it\/wp-content\/uploads\/2018\/11\/Agec-Funicolare-10-845x684.jpg 845w\" sizes=\"(max-width: 495px) 100vw, 495px\" \/><div class='big-prev-fake'><img decoding=\"async\" loading=\"lazy\" class=\"wp-image-734 avia-img-lazy-loading-734\"  width=\"1030\" height=\"688\" src=\"https:\/\/www.funicolarediverona.it\/wp-content\/uploads\/2018\/11\/Agec-Funicolare-10-1030x688.jpg\" title='Agec-Funicolare-10' alt='' srcset=\"https:\/\/www.funicolarediverona.it\/wp-content\/uploads\/2018\/11\/Agec-Funicolare-10-1030x688.jpg 1030w, https:\/\/www.funicolarediverona.it\/wp-content\/uploads\/2018\/11\/Agec-Funicolare-10-300x200.jpg 300w, https:\/\/www.funicolarediverona.it\/wp-content\/uploads\/2018\/11\/Agec-Funicolare-10-768x513.jpg 768w, https:\/\/www.funicolarediverona.it\/wp-content\/uploads\/2018\/11\/Agec-Funicolare-10-1500x1001.jpg 1500w, https:\/\/www.funicolarediverona.it\/wp-content\/uploads\/2018\/11\/Agec-Funicolare-10-705x471.jpg 705w, https:\/\/www.funicolarediverona.it\/wp-content\/uploads\/2018\/11\/Agec-Funicolare-10-450x300.jpg 450w, https:\/\/www.funicolarediverona.it\/wp-content\/uploads\/2018\/11\/Agec-Funicolare-10.jpg 1600w\" sizes=\"auto, (max-width: 1030px) 100vw, 1030px\" \/><\/div><\/a><a href=\"https:\/\/www.funicolarediverona.it\/wp-content\/uploads\/2018\/11\/Agec-Funicolare-1030x688.jpg\" data-srcset=\"https:\/\/www.funicolarediverona.it\/wp-content\/uploads\/2018\/11\/Agec-Funicolare-1030x688.jpg 1030w, https:\/\/www.funicolarediverona.it\/wp-content\/uploads\/2018\/11\/Agec-Funicolare-300x200.jpg 300w, https:\/\/www.funicolarediverona.it\/wp-content\/uploads\/2018\/11\/Agec-Funicolare-768x513.jpg 768w, https:\/\/www.funicolarediverona.it\/wp-content\/uploads\/2018\/11\/Agec-Funicolare-1500x1001.jpg 1500w, https:\/\/www.funicolarediverona.it\/wp-content\/uploads\/2018\/11\/Agec-Funicolare-705x471.jpg 705w, https:\/\/www.funicolarediverona.it\/wp-content\/uploads\/2018\/11\/Agec-Funicolare-450x300.jpg 450w, https:\/\/www.funicolarediverona.it\/wp-content\/uploads\/2018\/11\/Agec-Funicolare.jpg 1600w\" data-sizes=\"(max-width: 1030px) 100vw, 1030px\" data-rel='gallery-1' data-prev-img='https:\/\/www.funicolarediverona.it\/wp-content\/uploads\/2018\/11\/Agec-Funicolare-1030x688.jpg' class='lightbox ' data-onclick='8' title='Agec-Funicolare'  itemprop=\"thumbnailUrl\"  ><img decoding=\"async\" fetchpriority=\"high\" class=\"wp-image-730 avia-img-lazy-loading-not-730\"   src=\"https:\/\/www.funicolarediverona.it\/wp-content\/uploads\/2018\/11\/Agec-Funicolare-495x400.jpg\" width=\"495\" height=\"400\"  title='Agec-Funicolare' alt='' srcset=\"https:\/\/www.funicolarediverona.it\/wp-content\/uploads\/2018\/11\/Agec-Funicolare-495x400.jpg 495w, https:\/\/www.funicolarediverona.it\/wp-content\/uploads\/2018\/11\/Agec-Funicolare-845x684.jpg 845w\" sizes=\"(max-width: 495px) 100vw, 495px\" \/><div class='big-prev-fake'><img decoding=\"async\" loading=\"lazy\" class=\"wp-image-730 avia-img-lazy-loading-730\"  width=\"1030\" height=\"688\" src=\"https:\/\/www.funicolarediverona.it\/wp-content\/uploads\/2018\/11\/Agec-Funicolare-1030x688.jpg\" title='Agec-Funicolare' alt='' srcset=\"https:\/\/www.funicolarediverona.it\/wp-content\/uploads\/2018\/11\/Agec-Funicolare-1030x688.jpg 1030w, https:\/\/www.funicolarediverona.it\/wp-content\/uploads\/2018\/11\/Agec-Funicolare-300x200.jpg 300w, https:\/\/www.funicolarediverona.it\/wp-content\/uploads\/2018\/11\/Agec-Funicolare-768x513.jpg 768w, https:\/\/www.funicolarediverona.it\/wp-content\/uploads\/2018\/11\/Agec-Funicolare-1500x1001.jpg 1500w, https:\/\/www.funicolarediverona.it\/wp-content\/uploads\/2018\/11\/Agec-Funicolare-705x471.jpg 705w, https:\/\/www.funicolarediverona.it\/wp-content\/uploads\/2018\/11\/Agec-Funicolare-450x300.jpg 450w, https:\/\/www.funicolarediverona.it\/wp-content\/uploads\/2018\/11\/Agec-Funicolare.jpg 1600w\" sizes=\"auto, (max-width: 1030px) 100vw, 1030px\" \/><\/div><\/a><a href=\"https:\/\/www.funicolarediverona.it\/wp-content\/uploads\/2018\/11\/P61A8826-1030x687.jpg\" data-srcset=\"https:\/\/www.funicolarediverona.it\/wp-content\/uploads\/2018\/11\/P61A8826-1030x687.jpg 1030w, https:\/\/www.funicolarediverona.it\/wp-content\/uploads\/2018\/11\/P61A8826-300x200.jpg 300w, https:\/\/www.funicolarediverona.it\/wp-content\/uploads\/2018\/11\/P61A8826-768x512.jpg 768w, https:\/\/www.funicolarediverona.it\/wp-content\/uploads\/2018\/11\/P61A8826-1500x1000.jpg 1500w, https:\/\/www.funicolarediverona.it\/wp-content\/uploads\/2018\/11\/P61A8826-705x470.jpg 705w, https:\/\/www.funicolarediverona.it\/wp-content\/uploads\/2018\/11\/P61A8826-450x300.jpg 450w, https:\/\/www.funicolarediverona.it\/wp-content\/uploads\/2018\/11\/P61A8826.jpg 1600w\" data-sizes=\"(max-width: 1030px) 100vw, 1030px\" data-rel='gallery-1' data-prev-img='https:\/\/www.funicolarediverona.it\/wp-content\/uploads\/2018\/11\/P61A8826-1030x687.jpg' class='lightbox ' data-onclick='9' title='P61A8826'  itemprop=\"thumbnailUrl\"  ><img decoding=\"async\" fetchpriority=\"high\" class=\"wp-image-570 avia-img-lazy-loading-not-570\"   src=\"https:\/\/www.funicolarediverona.it\/wp-content\/uploads\/2018\/11\/P61A8826-495x400.jpg\" width=\"495\" height=\"400\"  title='P61A8826' alt='' srcset=\"https:\/\/www.funicolarediverona.it\/wp-content\/uploads\/2018\/11\/P61A8826-495x400.jpg 495w, https:\/\/www.funicolarediverona.it\/wp-content\/uploads\/2018\/11\/P61A8826-845x684.jpg 845w\" sizes=\"(max-width: 495px) 100vw, 495px\" \/><div class='big-prev-fake'><img decoding=\"async\" loading=\"lazy\" class=\"wp-image-570 avia-img-lazy-loading-570\"  width=\"1030\" height=\"687\" src=\"https:\/\/www.funicolarediverona.it\/wp-content\/uploads\/2018\/11\/P61A8826-1030x687.jpg\" title='P61A8826' alt='' srcset=\"https:\/\/www.funicolarediverona.it\/wp-content\/uploads\/2018\/11\/P61A8826-1030x687.jpg 1030w, https:\/\/www.funicolarediverona.it\/wp-content\/uploads\/2018\/11\/P61A8826-300x200.jpg 300w, https:\/\/www.funicolarediverona.it\/wp-content\/uploads\/2018\/11\/P61A8826-768x512.jpg 768w, https:\/\/www.funicolarediverona.it\/wp-content\/uploads\/2018\/11\/P61A8826-1500x1000.jpg 1500w, https:\/\/www.funicolarediverona.it\/wp-content\/uploads\/2018\/11\/P61A8826-705x470.jpg 705w, https:\/\/www.funicolarediverona.it\/wp-content\/uploads\/2018\/11\/P61A8826-450x300.jpg 450w, https:\/\/www.funicolarediverona.it\/wp-content\/uploads\/2018\/11\/P61A8826.jpg 1600w\" sizes=\"auto, (max-width: 1030px) 100vw, 1030px\" \/><\/div><\/a><a href=\"https:\/\/www.funicolarediverona.it\/wp-content\/uploads\/2018\/11\/910A4130_1-1030x687.jpg\" data-srcset=\"https:\/\/www.funicolarediverona.it\/wp-content\/uploads\/2018\/11\/910A4130_1-1030x687.jpg 1030w, https:\/\/www.funicolarediverona.it\/wp-content\/uploads\/2018\/11\/910A4130_1-300x200.jpg 300w, https:\/\/www.funicolarediverona.it\/wp-content\/uploads\/2018\/11\/910A4130_1-768x512.jpg 768w, https:\/\/www.funicolarediverona.it\/wp-content\/uploads\/2018\/11\/910A4130_1-1500x1000.jpg 1500w, https:\/\/www.funicolarediverona.it\/wp-content\/uploads\/2018\/11\/910A4130_1-705x470.jpg 705w, https:\/\/www.funicolarediverona.it\/wp-content\/uploads\/2018\/11\/910A4130_1-450x300.jpg 450w, https:\/\/www.funicolarediverona.it\/wp-content\/uploads\/2018\/11\/910A4130_1.jpg 1600w\" data-sizes=\"(max-width: 1030px) 100vw, 1030px\" data-rel='gallery-1' data-prev-img='https:\/\/www.funicolarediverona.it\/wp-content\/uploads\/2018\/11\/910A4130_1-1030x687.jpg' class='lightbox ' data-onclick='10' title='910A4130_1'  itemprop=\"thumbnailUrl\"  ><img decoding=\"async\" fetchpriority=\"high\" class=\"wp-image-574 avia-img-lazy-loading-not-574\"   src=\"https:\/\/www.funicolarediverona.it\/wp-content\/uploads\/2018\/11\/910A4130_1-495x400.jpg\" width=\"495\" height=\"400\"  title='910A4130_1' alt='' srcset=\"https:\/\/www.funicolarediverona.it\/wp-content\/uploads\/2018\/11\/910A4130_1-495x400.jpg 495w, https:\/\/www.funicolarediverona.it\/wp-content\/uploads\/2018\/11\/910A4130_1-845x684.jpg 845w\" sizes=\"(max-width: 495px) 100vw, 495px\" \/><div class='big-prev-fake'><img decoding=\"async\" loading=\"lazy\" class=\"wp-image-574 avia-img-lazy-loading-574\"  width=\"1030\" height=\"687\" src=\"https:\/\/www.funicolarediverona.it\/wp-content\/uploads\/2018\/11\/910A4130_1-1030x687.jpg\" title='910A4130_1' alt='' srcset=\"https:\/\/www.funicolarediverona.it\/wp-content\/uploads\/2018\/11\/910A4130_1-1030x687.jpg 1030w, https:\/\/www.funicolarediverona.it\/wp-content\/uploads\/2018\/11\/910A4130_1-300x200.jpg 300w, https:\/\/www.funicolarediverona.it\/wp-content\/uploads\/2018\/11\/910A4130_1-768x512.jpg 768w, https:\/\/www.funicolarediverona.it\/wp-content\/uploads\/2018\/11\/910A4130_1-1500x1000.jpg 1500w, https:\/\/www.funicolarediverona.it\/wp-content\/uploads\/2018\/11\/910A4130_1-705x470.jpg 705w, https:\/\/www.funicolarediverona.it\/wp-content\/uploads\/2018\/11\/910A4130_1-450x300.jpg 450w, https:\/\/www.funicolarediverona.it\/wp-content\/uploads\/2018\/11\/910A4130_1.jpg 1600w\" sizes=\"auto, (max-width: 1030px) 100vw, 1030px\" \/><\/div><\/a><a href=\"https:\/\/www.funicolarediverona.it\/wp-content\/uploads\/2018\/11\/P61A8638-1030x687.jpg\" data-srcset=\"https:\/\/www.funicolarediverona.it\/wp-content\/uploads\/2018\/11\/P61A8638-1030x687.jpg 1030w, https:\/\/www.funicolarediverona.it\/wp-content\/uploads\/2018\/11\/P61A8638-300x200.jpg 300w, https:\/\/www.funicolarediverona.it\/wp-content\/uploads\/2018\/11\/P61A8638-768x512.jpg 768w, https:\/\/www.funicolarediverona.it\/wp-content\/uploads\/2018\/11\/P61A8638-1500x1000.jpg 1500w, https:\/\/www.funicolarediverona.it\/wp-content\/uploads\/2018\/11\/P61A8638-705x470.jpg 705w, https:\/\/www.funicolarediverona.it\/wp-content\/uploads\/2018\/11\/P61A8638-450x300.jpg 450w, https:\/\/www.funicolarediverona.it\/wp-content\/uploads\/2018\/11\/P61A8638.jpg 1600w\" data-sizes=\"(max-width: 1030px) 100vw, 1030px\" data-rel='gallery-1' data-prev-img='https:\/\/www.funicolarediverona.it\/wp-content\/uploads\/2018\/11\/P61A8638-1030x687.jpg' class='first_thumb lightbox ' data-onclick='11' title='P61A8638'  itemprop=\"thumbnailUrl\"  ><img decoding=\"async\" fetchpriority=\"high\" class=\"wp-image-578 avia-img-lazy-loading-not-578\"   src=\"https:\/\/www.funicolarediverona.it\/wp-content\/uploads\/2018\/11\/P61A8638-495x400.jpg\" width=\"495\" height=\"400\"  title='P61A8638' alt='' srcset=\"https:\/\/www.funicolarediverona.it\/wp-content\/uploads\/2018\/11\/P61A8638-495x400.jpg 495w, https:\/\/www.funicolarediverona.it\/wp-content\/uploads\/2018\/11\/P61A8638-845x684.jpg 845w\" sizes=\"(max-width: 495px) 100vw, 495px\" \/><div class='big-prev-fake'><img decoding=\"async\" loading=\"lazy\" class=\"wp-image-578 avia-img-lazy-loading-578\"  width=\"1030\" height=\"687\" src=\"https:\/\/www.funicolarediverona.it\/wp-content\/uploads\/2018\/11\/P61A8638-1030x687.jpg\" title='P61A8638' alt='' srcset=\"https:\/\/www.funicolarediverona.it\/wp-content\/uploads\/2018\/11\/P61A8638-1030x687.jpg 1030w, https:\/\/www.funicolarediverona.it\/wp-content\/uploads\/2018\/11\/P61A8638-300x200.jpg 300w, https:\/\/www.funicolarediverona.it\/wp-content\/uploads\/2018\/11\/P61A8638-768x512.jpg 768w, https:\/\/www.funicolarediverona.it\/wp-content\/uploads\/2018\/11\/P61A8638-1500x1000.jpg 1500w, https:\/\/www.funicolarediverona.it\/wp-content\/uploads\/2018\/11\/P61A8638-705x470.jpg 705w, https:\/\/www.funicolarediverona.it\/wp-content\/uploads\/2018\/11\/P61A8638-450x300.jpg 450w, https:\/\/www.funicolarediverona.it\/wp-content\/uploads\/2018\/11\/P61A8638.jpg 1600w\" sizes=\"auto, (max-width: 1030px) 100vw, 1030px\" \/><\/div><\/a><a href=\"https:\/\/www.funicolarediverona.it\/wp-content\/uploads\/2018\/11\/910A5159-1030x687.jpg\" data-srcset=\"https:\/\/www.funicolarediverona.it\/wp-content\/uploads\/2018\/11\/910A5159-1030x687.jpg 1030w, https:\/\/www.funicolarediverona.it\/wp-content\/uploads\/2018\/11\/910A5159-300x200.jpg 300w, https:\/\/www.funicolarediverona.it\/wp-content\/uploads\/2018\/11\/910A5159-768x512.jpg 768w, https:\/\/www.funicolarediverona.it\/wp-content\/uploads\/2018\/11\/910A5159-1500x1000.jpg 1500w, https:\/\/www.funicolarediverona.it\/wp-content\/uploads\/2018\/11\/910A5159-705x470.jpg 705w, https:\/\/www.funicolarediverona.it\/wp-content\/uploads\/2018\/11\/910A5159-450x300.jpg 450w, https:\/\/www.funicolarediverona.it\/wp-content\/uploads\/2018\/11\/910A5159.jpg 1600w\" data-sizes=\"(max-width: 1030px) 100vw, 1030px\" data-rel='gallery-1' data-prev-img='https:\/\/www.funicolarediverona.it\/wp-content\/uploads\/2018\/11\/910A5159-1030x687.jpg' class='lightbox ' data-onclick='12' title='910A5159'  itemprop=\"thumbnailUrl\"  ><img decoding=\"async\" fetchpriority=\"high\" class=\"wp-image-582 avia-img-lazy-loading-not-582\"   src=\"https:\/\/www.funicolarediverona.it\/wp-content\/uploads\/2018\/11\/910A5159-495x400.jpg\" width=\"495\" height=\"400\"  title='910A5159' alt='' srcset=\"https:\/\/www.funicolarediverona.it\/wp-content\/uploads\/2018\/11\/910A5159-495x400.jpg 495w, https:\/\/www.funicolarediverona.it\/wp-content\/uploads\/2018\/11\/910A5159-845x684.jpg 845w\" sizes=\"(max-width: 495px) 100vw, 495px\" \/><div class='big-prev-fake'><img decoding=\"async\" loading=\"lazy\" class=\"wp-image-582 avia-img-lazy-loading-582\"  width=\"1030\" height=\"687\" src=\"https:\/\/www.funicolarediverona.it\/wp-content\/uploads\/2018\/11\/910A5159-1030x687.jpg\" title='910A5159' alt='' srcset=\"https:\/\/www.funicolarediverona.it\/wp-content\/uploads\/2018\/11\/910A5159-1030x687.jpg 1030w, https:\/\/www.funicolarediverona.it\/wp-content\/uploads\/2018\/11\/910A5159-300x200.jpg 300w, https:\/\/www.funicolarediverona.it\/wp-content\/uploads\/2018\/11\/910A5159-768x512.jpg 768w, https:\/\/www.funicolarediverona.it\/wp-content\/uploads\/2018\/11\/910A5159-1500x1000.jpg 1500w, https:\/\/www.funicolarediverona.it\/wp-content\/uploads\/2018\/11\/910A5159-705x470.jpg 705w, https:\/\/www.funicolarediverona.it\/wp-content\/uploads\/2018\/11\/910A5159-450x300.jpg 450w, https:\/\/www.funicolarediverona.it\/wp-content\/uploads\/2018\/11\/910A5159.jpg 1600w\" sizes=\"auto, (max-width: 1030px) 100vw, 1030px\" \/><\/div><\/a><a href=\"https:\/\/www.funicolarediverona.it\/wp-content\/uploads\/2018\/11\/910A5090-1030x687.jpg\" data-srcset=\"https:\/\/www.funicolarediverona.it\/wp-content\/uploads\/2018\/11\/910A5090-1030x687.jpg 1030w, https:\/\/www.funicolarediverona.it\/wp-content\/uploads\/2018\/11\/910A5090-300x200.jpg 300w, https:\/\/www.funicolarediverona.it\/wp-content\/uploads\/2018\/11\/910A5090-768x512.jpg 768w, https:\/\/www.funicolarediverona.it\/wp-content\/uploads\/2018\/11\/910A5090-1500x1000.jpg 1500w, https:\/\/www.funicolarediverona.it\/wp-content\/uploads\/2018\/11\/910A5090-705x470.jpg 705w, https:\/\/www.funicolarediverona.it\/wp-content\/uploads\/2018\/11\/910A5090-450x300.jpg 450w, https:\/\/www.funicolarediverona.it\/wp-content\/uploads\/2018\/11\/910A5090.jpg 1600w\" data-sizes=\"(max-width: 1030px) 100vw, 1030px\" data-rel='gallery-1' data-prev-img='https:\/\/www.funicolarediverona.it\/wp-content\/uploads\/2018\/11\/910A5090-1030x687.jpg' class='lightbox ' data-onclick='13' title='910A5090'  itemprop=\"thumbnailUrl\"  ><img decoding=\"async\" fetchpriority=\"high\" class=\"wp-image-586 avia-img-lazy-loading-not-586\"   src=\"https:\/\/www.funicolarediverona.it\/wp-content\/uploads\/2018\/11\/910A5090-495x400.jpg\" width=\"495\" height=\"400\"  title='910A5090' alt='' srcset=\"https:\/\/www.funicolarediverona.it\/wp-content\/uploads\/2018\/11\/910A5090-495x400.jpg 495w, https:\/\/www.funicolarediverona.it\/wp-content\/uploads\/2018\/11\/910A5090-845x684.jpg 845w\" sizes=\"(max-width: 495px) 100vw, 495px\" \/><div class='big-prev-fake'><img decoding=\"async\" loading=\"lazy\" class=\"wp-image-586 avia-img-lazy-loading-586\"  width=\"1030\" height=\"687\" src=\"https:\/\/www.funicolarediverona.it\/wp-content\/uploads\/2018\/11\/910A5090-1030x687.jpg\" title='910A5090' alt='' srcset=\"https:\/\/www.funicolarediverona.it\/wp-content\/uploads\/2018\/11\/910A5090-1030x687.jpg 1030w, https:\/\/www.funicolarediverona.it\/wp-content\/uploads\/2018\/11\/910A5090-300x200.jpg 300w, https:\/\/www.funicolarediverona.it\/wp-content\/uploads\/2018\/11\/910A5090-768x512.jpg 768w, https:\/\/www.funicolarediverona.it\/wp-content\/uploads\/2018\/11\/910A5090-1500x1000.jpg 1500w, https:\/\/www.funicolarediverona.it\/wp-content\/uploads\/2018\/11\/910A5090-705x470.jpg 705w, https:\/\/www.funicolarediverona.it\/wp-content\/uploads\/2018\/11\/910A5090-450x300.jpg 450w, https:\/\/www.funicolarediverona.it\/wp-content\/uploads\/2018\/11\/910A5090.jpg 1600w\" sizes=\"auto, (max-width: 1030px) 100vw, 1030px\" \/><\/div><\/a><a href=\"https:\/\/www.funicolarediverona.it\/wp-content\/uploads\/2018\/11\/910A5072-1030x687.jpg\" data-srcset=\"https:\/\/www.funicolarediverona.it\/wp-content\/uploads\/2018\/11\/910A5072-1030x687.jpg 1030w, https:\/\/www.funicolarediverona.it\/wp-content\/uploads\/2018\/11\/910A5072-300x200.jpg 300w, https:\/\/www.funicolarediverona.it\/wp-content\/uploads\/2018\/11\/910A5072-768x512.jpg 768w, https:\/\/www.funicolarediverona.it\/wp-content\/uploads\/2018\/11\/910A5072-1500x1000.jpg 1500w, https:\/\/www.funicolarediverona.it\/wp-content\/uploads\/2018\/11\/910A5072-705x470.jpg 705w, https:\/\/www.funicolarediverona.it\/wp-content\/uploads\/2018\/11\/910A5072-450x300.jpg 450w, https:\/\/www.funicolarediverona.it\/wp-content\/uploads\/2018\/11\/910A5072.jpg 1600w\" data-sizes=\"(max-width: 1030px) 100vw, 1030px\" data-rel='gallery-1' data-prev-img='https:\/\/www.funicolarediverona.it\/wp-content\/uploads\/2018\/11\/910A5072-1030x687.jpg' class='lightbox ' data-onclick='14' title='910A5072'  itemprop=\"thumbnailUrl\"  ><img decoding=\"async\" fetchpriority=\"high\" class=\"wp-image-590 avia-img-lazy-loading-not-590\"   src=\"https:\/\/www.funicolarediverona.it\/wp-content\/uploads\/2018\/11\/910A5072-495x400.jpg\" width=\"495\" height=\"400\"  title='910A5072' alt='' srcset=\"https:\/\/www.funicolarediverona.it\/wp-content\/uploads\/2018\/11\/910A5072-495x400.jpg 495w, https:\/\/www.funicolarediverona.it\/wp-content\/uploads\/2018\/11\/910A5072-845x684.jpg 845w\" sizes=\"(max-width: 495px) 100vw, 495px\" \/><div class='big-prev-fake'><img decoding=\"async\" loading=\"lazy\" class=\"wp-image-590 avia-img-lazy-loading-590\"  width=\"1030\" height=\"687\" src=\"https:\/\/www.funicolarediverona.it\/wp-content\/uploads\/2018\/11\/910A5072-1030x687.jpg\" title='910A5072' alt='' srcset=\"https:\/\/www.funicolarediverona.it\/wp-content\/uploads\/2018\/11\/910A5072-1030x687.jpg 1030w, https:\/\/www.funicolarediverona.it\/wp-content\/uploads\/2018\/11\/910A5072-300x200.jpg 300w, https:\/\/www.funicolarediverona.it\/wp-content\/uploads\/2018\/11\/910A5072-768x512.jpg 768w, https:\/\/www.funicolarediverona.it\/wp-content\/uploads\/2018\/11\/910A5072-1500x1000.jpg 1500w, https:\/\/www.funicolarediverona.it\/wp-content\/uploads\/2018\/11\/910A5072-705x470.jpg 705w, https:\/\/www.funicolarediverona.it\/wp-content\/uploads\/2018\/11\/910A5072-450x300.jpg 450w, https:\/\/www.funicolarediverona.it\/wp-content\/uploads\/2018\/11\/910A5072.jpg 1600w\" sizes=\"auto, (max-width: 1030px) 100vw, 1030px\" \/><\/div><\/a><a href=\"https:\/\/www.funicolarediverona.it\/wp-content\/uploads\/2018\/11\/910A4088_1-1030x687.jpg\" data-srcset=\"https:\/\/www.funicolarediverona.it\/wp-content\/uploads\/2018\/11\/910A4088_1-1030x687.jpg 1030w, https:\/\/www.funicolarediverona.it\/wp-content\/uploads\/2018\/11\/910A4088_1-300x200.jpg 300w, https:\/\/www.funicolarediverona.it\/wp-content\/uploads\/2018\/11\/910A4088_1-768x512.jpg 768w, https:\/\/www.funicolarediverona.it\/wp-content\/uploads\/2018\/11\/910A4088_1-1500x1000.jpg 1500w, https:\/\/www.funicolarediverona.it\/wp-content\/uploads\/2018\/11\/910A4088_1-705x470.jpg 705w, https:\/\/www.funicolarediverona.it\/wp-content\/uploads\/2018\/11\/910A4088_1-450x300.jpg 450w, https:\/\/www.funicolarediverona.it\/wp-content\/uploads\/2018\/11\/910A4088_1.jpg 1600w\" data-sizes=\"(max-width: 1030px) 100vw, 1030px\" data-rel='gallery-1' data-prev-img='https:\/\/www.funicolarediverona.it\/wp-content\/uploads\/2018\/11\/910A4088_1-1030x687.jpg' class='lightbox ' data-onclick='15' title='910A4088_1'  itemprop=\"thumbnailUrl\"  ><img decoding=\"async\" fetchpriority=\"high\" class=\"wp-image-594 avia-img-lazy-loading-not-594\"   src=\"https:\/\/www.funicolarediverona.it\/wp-content\/uploads\/2018\/11\/910A4088_1-495x400.jpg\" width=\"495\" height=\"400\"  title='910A4088_1' alt='' srcset=\"https:\/\/www.funicolarediverona.it\/wp-content\/uploads\/2018\/11\/910A4088_1-495x400.jpg 495w, https:\/\/www.funicolarediverona.it\/wp-content\/uploads\/2018\/11\/910A4088_1-845x684.jpg 845w\" sizes=\"(max-width: 495px) 100vw, 495px\" \/><div class='big-prev-fake'><img decoding=\"async\" loading=\"lazy\" class=\"wp-image-594 avia-img-lazy-loading-594\"  width=\"1030\" height=\"687\" src=\"https:\/\/www.funicolarediverona.it\/wp-content\/uploads\/2018\/11\/910A4088_1-1030x687.jpg\" title='910A4088_1' alt='' srcset=\"https:\/\/www.funicolarediverona.it\/wp-content\/uploads\/2018\/11\/910A4088_1-1030x687.jpg 1030w, https:\/\/www.funicolarediverona.it\/wp-content\/uploads\/2018\/11\/910A4088_1-300x200.jpg 300w, https:\/\/www.funicolarediverona.it\/wp-content\/uploads\/2018\/11\/910A4088_1-768x512.jpg 768w, https:\/\/www.funicolarediverona.it\/wp-content\/uploads\/2018\/11\/910A4088_1-1500x1000.jpg 1500w, https:\/\/www.funicolarediverona.it\/wp-content\/uploads\/2018\/11\/910A4088_1-705x470.jpg 705w, https:\/\/www.funicolarediverona.it\/wp-content\/uploads\/2018\/11\/910A4088_1-450x300.jpg 450w, https:\/\/www.funicolarediverona.it\/wp-content\/uploads\/2018\/11\/910A4088_1.jpg 1600w\" sizes=\"auto, (max-width: 1030px) 100vw, 1030px\" \/><\/div><\/a><a href=\"https:\/\/www.funicolarediverona.it\/wp-content\/uploads\/2018\/11\/910A5264-1030x687.jpg\" data-srcset=\"https:\/\/www.funicolarediverona.it\/wp-content\/uploads\/2018\/11\/910A5264-1030x687.jpg 1030w, https:\/\/www.funicolarediverona.it\/wp-content\/uploads\/2018\/11\/910A5264-300x200.jpg 300w, https:\/\/www.funicolarediverona.it\/wp-content\/uploads\/2018\/11\/910A5264-768x512.jpg 768w, https:\/\/www.funicolarediverona.it\/wp-content\/uploads\/2018\/11\/910A5264-1500x1000.jpg 1500w, https:\/\/www.funicolarediverona.it\/wp-content\/uploads\/2018\/11\/910A5264-705x470.jpg 705w, https:\/\/www.funicolarediverona.it\/wp-content\/uploads\/2018\/11\/910A5264-450x300.jpg 450w, https:\/\/www.funicolarediverona.it\/wp-content\/uploads\/2018\/11\/910A5264.jpg 1600w\" data-sizes=\"(max-width: 1030px) 100vw, 1030px\" data-rel='gallery-1' data-prev-img='https:\/\/www.funicolarediverona.it\/wp-content\/uploads\/2018\/11\/910A5264-1030x687.jpg' class='first_thumb lightbox ' data-onclick='16' title='910A5264'  itemprop=\"thumbnailUrl\"  ><img decoding=\"async\" fetchpriority=\"high\" class=\"wp-image-598 avia-img-lazy-loading-not-598\"   src=\"https:\/\/www.funicolarediverona.it\/wp-content\/uploads\/2018\/11\/910A5264-495x400.jpg\" width=\"495\" height=\"400\"  title='910A5264' alt='' srcset=\"https:\/\/www.funicolarediverona.it\/wp-content\/uploads\/2018\/11\/910A5264-495x400.jpg 495w, https:\/\/www.funicolarediverona.it\/wp-content\/uploads\/2018\/11\/910A5264-845x684.jpg 845w\" sizes=\"(max-width: 495px) 100vw, 495px\" \/><div class='big-prev-fake'><img decoding=\"async\" loading=\"lazy\" class=\"wp-image-598 avia-img-lazy-loading-598\"  width=\"1030\" height=\"687\" src=\"https:\/\/www.funicolarediverona.it\/wp-content\/uploads\/2018\/11\/910A5264-1030x687.jpg\" title='910A5264' alt='' srcset=\"https:\/\/www.funicolarediverona.it\/wp-content\/uploads\/2018\/11\/910A5264-1030x687.jpg 1030w, https:\/\/www.funicolarediverona.it\/wp-content\/uploads\/2018\/11\/910A5264-300x200.jpg 300w, https:\/\/www.funicolarediverona.it\/wp-content\/uploads\/2018\/11\/910A5264-768x512.jpg 768w, https:\/\/www.funicolarediverona.it\/wp-content\/uploads\/2018\/11\/910A5264-1500x1000.jpg 1500w, https:\/\/www.funicolarediverona.it\/wp-content\/uploads\/2018\/11\/910A5264-705x470.jpg 705w, https:\/\/www.funicolarediverona.it\/wp-content\/uploads\/2018\/11\/910A5264-450x300.jpg 450w, https:\/\/www.funicolarediverona.it\/wp-content\/uploads\/2018\/11\/910A5264.jpg 1600w\" sizes=\"auto, (max-width: 1030px) 100vw, 1030px\" \/><\/div><\/a><a href=\"https:\/\/www.funicolarediverona.it\/wp-content\/uploads\/2018\/11\/910A4935-1030x687.jpg\" data-srcset=\"https:\/\/www.funicolarediverona.it\/wp-content\/uploads\/2018\/11\/910A4935-1030x687.jpg 1030w, https:\/\/www.funicolarediverona.it\/wp-content\/uploads\/2018\/11\/910A4935-300x200.jpg 300w, https:\/\/www.funicolarediverona.it\/wp-content\/uploads\/2018\/11\/910A4935-768x512.jpg 768w, https:\/\/www.funicolarediverona.it\/wp-content\/uploads\/2018\/11\/910A4935-1500x1000.jpg 1500w, https:\/\/www.funicolarediverona.it\/wp-content\/uploads\/2018\/11\/910A4935-705x470.jpg 705w, https:\/\/www.funicolarediverona.it\/wp-content\/uploads\/2018\/11\/910A4935-450x300.jpg 450w, https:\/\/www.funicolarediverona.it\/wp-content\/uploads\/2018\/11\/910A4935.jpg 1600w\" data-sizes=\"(max-width: 1030px) 100vw, 1030px\" data-rel='gallery-1' data-prev-img='https:\/\/www.funicolarediverona.it\/wp-content\/uploads\/2018\/11\/910A4935-1030x687.jpg' class='lightbox ' data-onclick='17' title='910A4935'  itemprop=\"thumbnailUrl\"  ><img decoding=\"async\" fetchpriority=\"high\" class=\"wp-image-602 avia-img-lazy-loading-not-602\"   src=\"https:\/\/www.funicolarediverona.it\/wp-content\/uploads\/2018\/11\/910A4935-495x400.jpg\" width=\"495\" height=\"400\"  title='910A4935' alt='' srcset=\"https:\/\/www.funicolarediverona.it\/wp-content\/uploads\/2018\/11\/910A4935-495x400.jpg 495w, https:\/\/www.funicolarediverona.it\/wp-content\/uploads\/2018\/11\/910A4935-845x684.jpg 845w\" sizes=\"(max-width: 495px) 100vw, 495px\" \/><div class='big-prev-fake'><img decoding=\"async\" loading=\"lazy\" class=\"wp-image-602 avia-img-lazy-loading-602\"  width=\"1030\" height=\"687\" src=\"https:\/\/www.funicolarediverona.it\/wp-content\/uploads\/2018\/11\/910A4935-1030x687.jpg\" title='910A4935' alt='' srcset=\"https:\/\/www.funicolarediverona.it\/wp-content\/uploads\/2018\/11\/910A4935-1030x687.jpg 1030w, https:\/\/www.funicolarediverona.it\/wp-content\/uploads\/2018\/11\/910A4935-300x200.jpg 300w, https:\/\/www.funicolarediverona.it\/wp-content\/uploads\/2018\/11\/910A4935-768x512.jpg 768w, https:\/\/www.funicolarediverona.it\/wp-content\/uploads\/2018\/11\/910A4935-1500x1000.jpg 1500w, https:\/\/www.funicolarediverona.it\/wp-content\/uploads\/2018\/11\/910A4935-705x470.jpg 705w, https:\/\/www.funicolarediverona.it\/wp-content\/uploads\/2018\/11\/910A4935-450x300.jpg 450w, https:\/\/www.funicolarediverona.it\/wp-content\/uploads\/2018\/11\/910A4935.jpg 1600w\" sizes=\"auto, (max-width: 1030px) 100vw, 1030px\" \/><\/div><\/a><a href=\"https:\/\/www.funicolarediverona.it\/wp-content\/uploads\/2018\/11\/910A4476_1-1030x687.jpg\" data-srcset=\"https:\/\/www.funicolarediverona.it\/wp-content\/uploads\/2018\/11\/910A4476_1-1030x687.jpg 1030w, https:\/\/www.funicolarediverona.it\/wp-content\/uploads\/2018\/11\/910A4476_1-300x200.jpg 300w, https:\/\/www.funicolarediverona.it\/wp-content\/uploads\/2018\/11\/910A4476_1-768x512.jpg 768w, https:\/\/www.funicolarediverona.it\/wp-content\/uploads\/2018\/11\/910A4476_1-1500x1000.jpg 1500w, https:\/\/www.funicolarediverona.it\/wp-content\/uploads\/2018\/11\/910A4476_1-705x470.jpg 705w, https:\/\/www.funicolarediverona.it\/wp-content\/uploads\/2018\/11\/910A4476_1-450x300.jpg 450w, https:\/\/www.funicolarediverona.it\/wp-content\/uploads\/2018\/11\/910A4476_1.jpg 1600w\" data-sizes=\"(max-width: 1030px) 100vw, 1030px\" data-rel='gallery-1' data-prev-img='https:\/\/www.funicolarediverona.it\/wp-content\/uploads\/2018\/11\/910A4476_1-1030x687.jpg' class='lightbox ' data-onclick='18' title='910A4476_1'  itemprop=\"thumbnailUrl\"  ><img decoding=\"async\" fetchpriority=\"high\" class=\"wp-image-606 avia-img-lazy-loading-not-606\"   src=\"https:\/\/www.funicolarediverona.it\/wp-content\/uploads\/2018\/11\/910A4476_1-495x400.jpg\" width=\"495\" height=\"400\"  title='910A4476_1' alt='' srcset=\"https:\/\/www.funicolarediverona.it\/wp-content\/uploads\/2018\/11\/910A4476_1-495x400.jpg 495w, https:\/\/www.funicolarediverona.it\/wp-content\/uploads\/2018\/11\/910A4476_1-845x684.jpg 845w\" sizes=\"(max-width: 495px) 100vw, 495px\" \/><div class='big-prev-fake'><img decoding=\"async\" loading=\"lazy\" class=\"wp-image-606 avia-img-lazy-loading-606\"  width=\"1030\" height=\"687\" src=\"https:\/\/www.funicolarediverona.it\/wp-content\/uploads\/2018\/11\/910A4476_1-1030x687.jpg\" title='910A4476_1' alt='' srcset=\"https:\/\/www.funicolarediverona.it\/wp-content\/uploads\/2018\/11\/910A4476_1-1030x687.jpg 1030w, https:\/\/www.funicolarediverona.it\/wp-content\/uploads\/2018\/11\/910A4476_1-300x200.jpg 300w, https:\/\/www.funicolarediverona.it\/wp-content\/uploads\/2018\/11\/910A4476_1-768x512.jpg 768w, https:\/\/www.funicolarediverona.it\/wp-content\/uploads\/2018\/11\/910A4476_1-1500x1000.jpg 1500w, https:\/\/www.funicolarediverona.it\/wp-content\/uploads\/2018\/11\/910A4476_1-705x470.jpg 705w, https:\/\/www.funicolarediverona.it\/wp-content\/uploads\/2018\/11\/910A4476_1-450x300.jpg 450w, https:\/\/www.funicolarediverona.it\/wp-content\/uploads\/2018\/11\/910A4476_1.jpg 1600w\" sizes=\"auto, (max-width: 1030px) 100vw, 1030px\" \/><\/div><\/a><a href=\"https:\/\/www.funicolarediverona.it\/wp-content\/uploads\/2018\/11\/910A4999-1-1030x688.jpg\" data-srcset=\"https:\/\/www.funicolarediverona.it\/wp-content\/uploads\/2018\/11\/910A4999-1-1030x688.jpg 1030w, https:\/\/www.funicolarediverona.it\/wp-content\/uploads\/2018\/11\/910A4999-1-300x200.jpg 300w, https:\/\/www.funicolarediverona.it\/wp-content\/uploads\/2018\/11\/910A4999-1-768x513.jpg 768w, https:\/\/www.funicolarediverona.it\/wp-content\/uploads\/2018\/11\/910A4999-1-1500x1002.jpg 1500w, https:\/\/www.funicolarediverona.it\/wp-content\/uploads\/2018\/11\/910A4999-1-705x471.jpg 705w, https:\/\/www.funicolarediverona.it\/wp-content\/uploads\/2018\/11\/910A4999-1-450x301.jpg 450w, https:\/\/www.funicolarediverona.it\/wp-content\/uploads\/2018\/11\/910A4999-1.jpg 1600w\" data-sizes=\"(max-width: 1030px) 100vw, 1030px\" data-rel='gallery-1' data-prev-img='https:\/\/www.funicolarediverona.it\/wp-content\/uploads\/2018\/11\/910A4999-1-1030x688.jpg' class='lightbox ' data-onclick='19' title='910A4999'  itemprop=\"thumbnailUrl\"  ><img decoding=\"async\" fetchpriority=\"high\" class=\"wp-image-1059 avia-img-lazy-loading-not-1059\"   src=\"https:\/\/www.funicolarediverona.it\/wp-content\/uploads\/2018\/11\/910A4999-1-495x400.jpg\" width=\"495\" height=\"400\"  title='910A4999' alt='' srcset=\"https:\/\/www.funicolarediverona.it\/wp-content\/uploads\/2018\/11\/910A4999-1-495x400.jpg 495w, https:\/\/www.funicolarediverona.it\/wp-content\/uploads\/2018\/11\/910A4999-1-845x684.jpg 845w\" sizes=\"(max-width: 495px) 100vw, 495px\" \/><div class='big-prev-fake'><img decoding=\"async\" loading=\"lazy\" class=\"wp-image-1059 avia-img-lazy-loading-1059\"  width=\"1030\" height=\"688\" src=\"https:\/\/www.funicolarediverona.it\/wp-content\/uploads\/2018\/11\/910A4999-1-1030x688.jpg\" title='910A4999' alt='' srcset=\"https:\/\/www.funicolarediverona.it\/wp-content\/uploads\/2018\/11\/910A4999-1-1030x688.jpg 1030w, https:\/\/www.funicolarediverona.it\/wp-content\/uploads\/2018\/11\/910A4999-1-300x200.jpg 300w, https:\/\/www.funicolarediverona.it\/wp-content\/uploads\/2018\/11\/910A4999-1-768x513.jpg 768w, https:\/\/www.funicolarediverona.it\/wp-content\/uploads\/2018\/11\/910A4999-1-1500x1002.jpg 1500w, https:\/\/www.funicolarediverona.it\/wp-content\/uploads\/2018\/11\/910A4999-1-705x471.jpg 705w, https:\/\/www.funicolarediverona.it\/wp-content\/uploads\/2018\/11\/910A4999-1-450x301.jpg 450w, https:\/\/www.funicolarediverona.it\/wp-content\/uploads\/2018\/11\/910A4999-1.jpg 1600w\" sizes=\"auto, (max-width: 1030px) 100vw, 1030px\" \/><\/div><\/a><a href=\"https:\/\/www.funicolarediverona.it\/wp-content\/uploads\/2018\/11\/P61A9013-1-1030x617.jpg\" data-srcset=\"https:\/\/www.funicolarediverona.it\/wp-content\/uploads\/2018\/11\/P61A9013-1-1030x617.jpg 1030w, https:\/\/www.funicolarediverona.it\/wp-content\/uploads\/2018\/11\/P61A9013-1-300x180.jpg 300w, https:\/\/www.funicolarediverona.it\/wp-content\/uploads\/2018\/11\/P61A9013-1-768x460.jpg 768w, https:\/\/www.funicolarediverona.it\/wp-content\/uploads\/2018\/11\/P61A9013-1-1500x898.jpg 1500w, https:\/\/www.funicolarediverona.it\/wp-content\/uploads\/2018\/11\/P61A9013-1-705x422.jpg 705w, https:\/\/www.funicolarediverona.it\/wp-content\/uploads\/2018\/11\/P61A9013-1-450x269.jpg 450w, https:\/\/www.funicolarediverona.it\/wp-content\/uploads\/2018\/11\/P61A9013-1.jpg 1600w\" data-sizes=\"(max-width: 1030px) 100vw, 1030px\" data-rel='gallery-1' data-prev-img='https:\/\/www.funicolarediverona.it\/wp-content\/uploads\/2018\/11\/P61A9013-1-1030x617.jpg' class='lightbox ' data-onclick='20' title='P61A9013'  itemprop=\"thumbnailUrl\"  ><img decoding=\"async\" fetchpriority=\"high\" class=\"wp-image-1060 avia-img-lazy-loading-not-1060\"   src=\"https:\/\/www.funicolarediverona.it\/wp-content\/uploads\/2018\/11\/P61A9013-1-495x400.jpg\" width=\"495\" height=\"400\"  title='P61A9013' alt='' srcset=\"https:\/\/www.funicolarediverona.it\/wp-content\/uploads\/2018\/11\/P61A9013-1-495x400.jpg 495w, https:\/\/www.funicolarediverona.it\/wp-content\/uploads\/2018\/11\/P61A9013-1-845x684.jpg 845w\" sizes=\"(max-width: 495px) 100vw, 495px\" \/><div class='big-prev-fake'><img decoding=\"async\" loading=\"lazy\" class=\"wp-image-1060 avia-img-lazy-loading-1060\"  width=\"1030\" height=\"617\" src=\"https:\/\/www.funicolarediverona.it\/wp-content\/uploads\/2018\/11\/P61A9013-1-1030x617.jpg\" title='P61A9013' alt='' srcset=\"https:\/\/www.funicolarediverona.it\/wp-content\/uploads\/2018\/11\/P61A9013-1-1030x617.jpg 1030w, https:\/\/www.funicolarediverona.it\/wp-content\/uploads\/2018\/11\/P61A9013-1-300x180.jpg 300w, https:\/\/www.funicolarediverona.it\/wp-content\/uploads\/2018\/11\/P61A9013-1-768x460.jpg 768w, https:\/\/www.funicolarediverona.it\/wp-content\/uploads\/2018\/11\/P61A9013-1-1500x898.jpg 1500w, https:\/\/www.funicolarediverona.it\/wp-content\/uploads\/2018\/11\/P61A9013-1-705x422.jpg 705w, https:\/\/www.funicolarediverona.it\/wp-content\/uploads\/2018\/11\/P61A9013-1-450x269.jpg 450w, https:\/\/www.funicolarediverona.it\/wp-content\/uploads\/2018\/11\/P61A9013-1.jpg 1600w\" sizes=\"auto, (max-width: 1030px) 100vw, 1030px\" \/><\/div><\/a><a href=\"https:\/\/www.funicolarediverona.it\/wp-content\/uploads\/2018\/11\/910A4887-1030x688.jpg\" data-srcset=\"https:\/\/www.funicolarediverona.it\/wp-content\/uploads\/2018\/11\/910A4887-1030x688.jpg 1030w, https:\/\/www.funicolarediverona.it\/wp-content\/uploads\/2018\/11\/910A4887-300x200.jpg 300w, https:\/\/www.funicolarediverona.it\/wp-content\/uploads\/2018\/11\/910A4887-768x513.jpg 768w, https:\/\/www.funicolarediverona.it\/wp-content\/uploads\/2018\/11\/910A4887-1500x1001.jpg 1500w, https:\/\/www.funicolarediverona.it\/wp-content\/uploads\/2018\/11\/910A4887-705x471.jpg 705w, https:\/\/www.funicolarediverona.it\/wp-content\/uploads\/2018\/11\/910A4887-450x300.jpg 450w, https:\/\/www.funicolarediverona.it\/wp-content\/uploads\/2018\/11\/910A4887.jpg 1600w\" data-sizes=\"(max-width: 1030px) 100vw, 1030px\" data-rel='gallery-1' data-prev-img='https:\/\/www.funicolarediverona.it\/wp-content\/uploads\/2018\/11\/910A4887-1030x688.jpg' class='first_thumb lightbox ' data-onclick='21' title='910A4887'  itemprop=\"thumbnailUrl\"  ><img decoding=\"async\" fetchpriority=\"high\" class=\"wp-image-1061 avia-img-lazy-loading-not-1061\"   src=\"https:\/\/www.funicolarediverona.it\/wp-content\/uploads\/2018\/11\/910A4887-495x400.jpg\" width=\"495\" height=\"400\"  title='910A4887' alt='' srcset=\"https:\/\/www.funicolarediverona.it\/wp-content\/uploads\/2018\/11\/910A4887-495x400.jpg 495w, https:\/\/www.funicolarediverona.it\/wp-content\/uploads\/2018\/11\/910A4887-845x684.jpg 845w\" sizes=\"(max-width: 495px) 100vw, 495px\" \/><div class='big-prev-fake'><img decoding=\"async\" loading=\"lazy\" class=\"wp-image-1061 avia-img-lazy-loading-1061\"  width=\"1030\" height=\"688\" src=\"https:\/\/www.funicolarediverona.it\/wp-content\/uploads\/2018\/11\/910A4887-1030x688.jpg\" title='910A4887' alt='' srcset=\"https:\/\/www.funicolarediverona.it\/wp-content\/uploads\/2018\/11\/910A4887-1030x688.jpg 1030w, https:\/\/www.funicolarediverona.it\/wp-content\/uploads\/2018\/11\/910A4887-300x200.jpg 300w, https:\/\/www.funicolarediverona.it\/wp-content\/uploads\/2018\/11\/910A4887-768x513.jpg 768w, https:\/\/www.funicolarediverona.it\/wp-content\/uploads\/2018\/11\/910A4887-1500x1001.jpg 1500w, https:\/\/www.funicolarediverona.it\/wp-content\/uploads\/2018\/11\/910A4887-705x471.jpg 705w, https:\/\/www.funicolarediverona.it\/wp-content\/uploads\/2018\/11\/910A4887-450x300.jpg 450w, https:\/\/www.funicolarediverona.it\/wp-content\/uploads\/2018\/11\/910A4887.jpg 1600w\" sizes=\"auto, (max-width: 1030px) 100vw, 1030px\" \/><\/div><\/a><a href=\"https:\/\/www.funicolarediverona.it\/wp-content\/uploads\/2018\/11\/P61A8943-1030x687.jpg\" data-srcset=\"https:\/\/www.funicolarediverona.it\/wp-content\/uploads\/2018\/11\/P61A8943-1030x687.jpg 1030w, https:\/\/www.funicolarediverona.it\/wp-content\/uploads\/2018\/11\/P61A8943-300x200.jpg 300w, https:\/\/www.funicolarediverona.it\/wp-content\/uploads\/2018\/11\/P61A8943-768x512.jpg 768w, https:\/\/www.funicolarediverona.it\/wp-content\/uploads\/2018\/11\/P61A8943-1500x1000.jpg 1500w, https:\/\/www.funicolarediverona.it\/wp-content\/uploads\/2018\/11\/P61A8943-705x470.jpg 705w, https:\/\/www.funicolarediverona.it\/wp-content\/uploads\/2018\/11\/P61A8943-450x300.jpg 450w, https:\/\/www.funicolarediverona.it\/wp-content\/uploads\/2018\/11\/P61A8943.jpg 1600w\" data-sizes=\"(max-width: 1030px) 100vw, 1030px\" data-rel='gallery-1' data-prev-img='https:\/\/www.funicolarediverona.it\/wp-content\/uploads\/2018\/11\/P61A8943-1030x687.jpg' class='lightbox ' data-onclick='22' title='P61A8943'  itemprop=\"thumbnailUrl\"  ><img decoding=\"async\" fetchpriority=\"high\" class=\"wp-image-1062 avia-img-lazy-loading-not-1062\"   src=\"https:\/\/www.funicolarediverona.it\/wp-content\/uploads\/2018\/11\/P61A8943-495x400.jpg\" width=\"495\" height=\"400\"  title='P61A8943' alt='' srcset=\"https:\/\/www.funicolarediverona.it\/wp-content\/uploads\/2018\/11\/P61A8943-495x400.jpg 495w, https:\/\/www.funicolarediverona.it\/wp-content\/uploads\/2018\/11\/P61A8943-845x684.jpg 845w\" sizes=\"(max-width: 495px) 100vw, 495px\" \/><div class='big-prev-fake'><img decoding=\"async\" loading=\"lazy\" class=\"wp-image-1062 avia-img-lazy-loading-1062\"  width=\"1030\" height=\"687\" src=\"https:\/\/www.funicolarediverona.it\/wp-content\/uploads\/2018\/11\/P61A8943-1030x687.jpg\" title='P61A8943' alt='' srcset=\"https:\/\/www.funicolarediverona.it\/wp-content\/uploads\/2018\/11\/P61A8943-1030x687.jpg 1030w, https:\/\/www.funicolarediverona.it\/wp-content\/uploads\/2018\/11\/P61A8943-300x200.jpg 300w, https:\/\/www.funicolarediverona.it\/wp-content\/uploads\/2018\/11\/P61A8943-768x512.jpg 768w, https:\/\/www.funicolarediverona.it\/wp-content\/uploads\/2018\/11\/P61A8943-1500x1000.jpg 1500w, https:\/\/www.funicolarediverona.it\/wp-content\/uploads\/2018\/11\/P61A8943-705x470.jpg 705w, https:\/\/www.funicolarediverona.it\/wp-content\/uploads\/2018\/11\/P61A8943-450x300.jpg 450w, https:\/\/www.funicolarediverona.it\/wp-content\/uploads\/2018\/11\/P61A8943.jpg 1600w\" sizes=\"auto, (max-width: 1030px) 100vw, 1030px\" \/><\/div><\/a><a href=\"https:\/\/www.funicolarediverona.it\/wp-content\/uploads\/2018\/11\/P61A8772-1030x687.jpg\" data-srcset=\"https:\/\/www.funicolarediverona.it\/wp-content\/uploads\/2018\/11\/P61A8772-1030x687.jpg 1030w, https:\/\/www.funicolarediverona.it\/wp-content\/uploads\/2018\/11\/P61A8772-300x200.jpg 300w, https:\/\/www.funicolarediverona.it\/wp-content\/uploads\/2018\/11\/P61A8772-768x512.jpg 768w, https:\/\/www.funicolarediverona.it\/wp-content\/uploads\/2018\/11\/P61A8772-1500x1000.jpg 1500w, https:\/\/www.funicolarediverona.it\/wp-content\/uploads\/2018\/11\/P61A8772-705x470.jpg 705w, https:\/\/www.funicolarediverona.it\/wp-content\/uploads\/2018\/11\/P61A8772-450x300.jpg 450w, https:\/\/www.funicolarediverona.it\/wp-content\/uploads\/2018\/11\/P61A8772.jpg 1600w\" data-sizes=\"(max-width: 1030px) 100vw, 1030px\" data-rel='gallery-1' data-prev-img='https:\/\/www.funicolarediverona.it\/wp-content\/uploads\/2018\/11\/P61A8772-1030x687.jpg' class='lightbox ' data-onclick='23' title='P61A8772'  itemprop=\"thumbnailUrl\"  ><img decoding=\"async\" fetchpriority=\"high\" class=\"wp-image-1063 avia-img-lazy-loading-not-1063\"   src=\"https:\/\/www.funicolarediverona.it\/wp-content\/uploads\/2018\/11\/P61A8772-495x400.jpg\" width=\"495\" height=\"400\"  title='P61A8772' alt='' srcset=\"https:\/\/www.funicolarediverona.it\/wp-content\/uploads\/2018\/11\/P61A8772-495x400.jpg 495w, https:\/\/www.funicolarediverona.it\/wp-content\/uploads\/2018\/11\/P61A8772-845x684.jpg 845w\" sizes=\"(max-width: 495px) 100vw, 495px\" \/><div class='big-prev-fake'><img decoding=\"async\" loading=\"lazy\" class=\"wp-image-1063 avia-img-lazy-loading-1063\"  width=\"1030\" height=\"687\" src=\"https:\/\/www.funicolarediverona.it\/wp-content\/uploads\/2018\/11\/P61A8772-1030x687.jpg\" title='P61A8772' alt='' srcset=\"https:\/\/www.funicolarediverona.it\/wp-content\/uploads\/2018\/11\/P61A8772-1030x687.jpg 1030w, https:\/\/www.funicolarediverona.it\/wp-content\/uploads\/2018\/11\/P61A8772-300x200.jpg 300w, https:\/\/www.funicolarediverona.it\/wp-content\/uploads\/2018\/11\/P61A8772-768x512.jpg 768w, https:\/\/www.funicolarediverona.it\/wp-content\/uploads\/2018\/11\/P61A8772-1500x1000.jpg 1500w, https:\/\/www.funicolarediverona.it\/wp-content\/uploads\/2018\/11\/P61A8772-705x470.jpg 705w, https:\/\/www.funicolarediverona.it\/wp-content\/uploads\/2018\/11\/P61A8772-450x300.jpg 450w, https:\/\/www.funicolarediverona.it\/wp-content\/uploads\/2018\/11\/P61A8772.jpg 1600w\" sizes=\"auto, (max-width: 1030px) 100vw, 1030px\" \/><\/div><\/a><a href=\"https:\/\/www.funicolarediverona.it\/wp-content\/uploads\/2018\/11\/P61A8718-1030x687.jpg\" data-srcset=\"https:\/\/www.funicolarediverona.it\/wp-content\/uploads\/2018\/11\/P61A8718-1030x687.jpg 1030w, https:\/\/www.funicolarediverona.it\/wp-content\/uploads\/2018\/11\/P61A8718-300x200.jpg 300w, https:\/\/www.funicolarediverona.it\/wp-content\/uploads\/2018\/11\/P61A8718-768x512.jpg 768w, https:\/\/www.funicolarediverona.it\/wp-content\/uploads\/2018\/11\/P61A8718-1500x1000.jpg 1500w, https:\/\/www.funicolarediverona.it\/wp-content\/uploads\/2018\/11\/P61A8718-705x470.jpg 705w, https:\/\/www.funicolarediverona.it\/wp-content\/uploads\/2018\/11\/P61A8718-450x300.jpg 450w, https:\/\/www.funicolarediverona.it\/wp-content\/uploads\/2018\/11\/P61A8718.jpg 1600w\" data-sizes=\"(max-width: 1030px) 100vw, 1030px\" data-rel='gallery-1' data-prev-img='https:\/\/www.funicolarediverona.it\/wp-content\/uploads\/2018\/11\/P61A8718-1030x687.jpg' class='lightbox ' data-onclick='24' title='P61A8718'  itemprop=\"thumbnailUrl\"  ><img decoding=\"async\" fetchpriority=\"high\" class=\"wp-image-1064 avia-img-lazy-loading-not-1064\"   src=\"https:\/\/www.funicolarediverona.it\/wp-content\/uploads\/2018\/11\/P61A8718-495x400.jpg\" width=\"495\" height=\"400\"  title='P61A8718' alt='' srcset=\"https:\/\/www.funicolarediverona.it\/wp-content\/uploads\/2018\/11\/P61A8718-495x400.jpg 495w, https:\/\/www.funicolarediverona.it\/wp-content\/uploads\/2018\/11\/P61A8718-845x684.jpg 845w\" sizes=\"(max-width: 495px) 100vw, 495px\" \/><div class='big-prev-fake'><img decoding=\"async\" loading=\"lazy\" class=\"wp-image-1064 avia-img-lazy-loading-1064\"  width=\"1030\" height=\"687\" src=\"https:\/\/www.funicolarediverona.it\/wp-content\/uploads\/2018\/11\/P61A8718-1030x687.jpg\" title='P61A8718' alt='' srcset=\"https:\/\/www.funicolarediverona.it\/wp-content\/uploads\/2018\/11\/P61A8718-1030x687.jpg 1030w, https:\/\/www.funicolarediverona.it\/wp-content\/uploads\/2018\/11\/P61A8718-300x200.jpg 300w, https:\/\/www.funicolarediverona.it\/wp-content\/uploads\/2018\/11\/P61A8718-768x512.jpg 768w, https:\/\/www.funicolarediverona.it\/wp-content\/uploads\/2018\/11\/P61A8718-1500x1000.jpg 1500w, https:\/\/www.funicolarediverona.it\/wp-content\/uploads\/2018\/11\/P61A8718-705x470.jpg 705w, https:\/\/www.funicolarediverona.it\/wp-content\/uploads\/2018\/11\/P61A8718-450x300.jpg 450w, https:\/\/www.funicolarediverona.it\/wp-content\/uploads\/2018\/11\/P61A8718.jpg 1600w\" sizes=\"auto, (max-width: 1030px) 100vw, 1030px\" \/><\/div><\/a><a href=\"https:\/\/www.funicolarediverona.it\/wp-content\/uploads\/2018\/11\/P61A8709-1030x687.jpg\" data-srcset=\"https:\/\/www.funicolarediverona.it\/wp-content\/uploads\/2018\/11\/P61A8709-1030x687.jpg 1030w, https:\/\/www.funicolarediverona.it\/wp-content\/uploads\/2018\/11\/P61A8709-300x200.jpg 300w, https:\/\/www.funicolarediverona.it\/wp-content\/uploads\/2018\/11\/P61A8709-768x512.jpg 768w, https:\/\/www.funicolarediverona.it\/wp-content\/uploads\/2018\/11\/P61A8709-1500x1000.jpg 1500w, https:\/\/www.funicolarediverona.it\/wp-content\/uploads\/2018\/11\/P61A8709-705x470.jpg 705w, https:\/\/www.funicolarediverona.it\/wp-content\/uploads\/2018\/11\/P61A8709-450x300.jpg 450w, https:\/\/www.funicolarediverona.it\/wp-content\/uploads\/2018\/11\/P61A8709.jpg 1600w\" data-sizes=\"(max-width: 1030px) 100vw, 1030px\" data-rel='gallery-1' data-prev-img='https:\/\/www.funicolarediverona.it\/wp-content\/uploads\/2018\/11\/P61A8709-1030x687.jpg' class='lightbox ' data-onclick='25' title='P61A8709'  itemprop=\"thumbnailUrl\"  ><img decoding=\"async\" fetchpriority=\"high\" class=\"wp-image-1065 avia-img-lazy-loading-not-1065\"   src=\"https:\/\/www.funicolarediverona.it\/wp-content\/uploads\/2018\/11\/P61A8709-495x400.jpg\" width=\"495\" height=\"400\"  title='P61A8709' alt='' srcset=\"https:\/\/www.funicolarediverona.it\/wp-content\/uploads\/2018\/11\/P61A8709-495x400.jpg 495w, https:\/\/www.funicolarediverona.it\/wp-content\/uploads\/2018\/11\/P61A8709-845x684.jpg 845w\" sizes=\"(max-width: 495px) 100vw, 495px\" \/><div class='big-prev-fake'><img decoding=\"async\" loading=\"lazy\" class=\"wp-image-1065 avia-img-lazy-loading-1065\"  width=\"1030\" height=\"687\" src=\"https:\/\/www.funicolarediverona.it\/wp-content\/uploads\/2018\/11\/P61A8709-1030x687.jpg\" title='P61A8709' alt='' srcset=\"https:\/\/www.funicolarediverona.it\/wp-content\/uploads\/2018\/11\/P61A8709-1030x687.jpg 1030w, https:\/\/www.funicolarediverona.it\/wp-content\/uploads\/2018\/11\/P61A8709-300x200.jpg 300w, https:\/\/www.funicolarediverona.it\/wp-content\/uploads\/2018\/11\/P61A8709-768x512.jpg 768w, https:\/\/www.funicolarediverona.it\/wp-content\/uploads\/2018\/11\/P61A8709-1500x1000.jpg 1500w, https:\/\/www.funicolarediverona.it\/wp-content\/uploads\/2018\/11\/P61A8709-705x470.jpg 705w, https:\/\/www.funicolarediverona.it\/wp-content\/uploads\/2018\/11\/P61A8709-450x300.jpg 450w, https:\/\/www.funicolarediverona.it\/wp-content\/uploads\/2018\/11\/P61A8709.jpg 1600w\" sizes=\"auto, (max-width: 1030px) 100vw, 1030px\" \/><\/div><\/a><a href=\"https:\/\/www.funicolarediverona.it\/wp-content\/uploads\/2018\/11\/P61A8664-1030x687.jpg\" data-srcset=\"https:\/\/www.funicolarediverona.it\/wp-content\/uploads\/2018\/11\/P61A8664-1030x687.jpg 1030w, https:\/\/www.funicolarediverona.it\/wp-content\/uploads\/2018\/11\/P61A8664-300x200.jpg 300w, https:\/\/www.funicolarediverona.it\/wp-content\/uploads\/2018\/11\/P61A8664-768x512.jpg 768w, https:\/\/www.funicolarediverona.it\/wp-content\/uploads\/2018\/11\/P61A8664-1500x1000.jpg 1500w, https:\/\/www.funicolarediverona.it\/wp-content\/uploads\/2018\/11\/P61A8664-705x470.jpg 705w, https:\/\/www.funicolarediverona.it\/wp-content\/uploads\/2018\/11\/P61A8664-450x300.jpg 450w, https:\/\/www.funicolarediverona.it\/wp-content\/uploads\/2018\/11\/P61A8664.jpg 1600w\" data-sizes=\"(max-width: 1030px) 100vw, 1030px\" data-rel='gallery-1' data-prev-img='https:\/\/www.funicolarediverona.it\/wp-content\/uploads\/2018\/11\/P61A8664-1030x687.jpg' class='first_thumb lightbox ' data-onclick='26' title='P61A8664'  itemprop=\"thumbnailUrl\"  ><img decoding=\"async\" fetchpriority=\"high\" class=\"wp-image-1066 avia-img-lazy-loading-not-1066\"   src=\"https:\/\/www.funicolarediverona.it\/wp-content\/uploads\/2018\/11\/P61A8664-495x400.jpg\" width=\"495\" height=\"400\"  title='P61A8664' alt='' srcset=\"https:\/\/www.funicolarediverona.it\/wp-content\/uploads\/2018\/11\/P61A8664-495x400.jpg 495w, https:\/\/www.funicolarediverona.it\/wp-content\/uploads\/2018\/11\/P61A8664-845x684.jpg 845w\" sizes=\"(max-width: 495px) 100vw, 495px\" \/><div class='big-prev-fake'><img decoding=\"async\" loading=\"lazy\" class=\"wp-image-1066 avia-img-lazy-loading-1066\"  width=\"1030\" height=\"687\" src=\"https:\/\/www.funicolarediverona.it\/wp-content\/uploads\/2018\/11\/P61A8664-1030x687.jpg\" title='P61A8664' alt='' srcset=\"https:\/\/www.funicolarediverona.it\/wp-content\/uploads\/2018\/11\/P61A8664-1030x687.jpg 1030w, https:\/\/www.funicolarediverona.it\/wp-content\/uploads\/2018\/11\/P61A8664-300x200.jpg 300w, https:\/\/www.funicolarediverona.it\/wp-content\/uploads\/2018\/11\/P61A8664-768x512.jpg 768w, https:\/\/www.funicolarediverona.it\/wp-content\/uploads\/2018\/11\/P61A8664-1500x1000.jpg 1500w, https:\/\/www.funicolarediverona.it\/wp-content\/uploads\/2018\/11\/P61A8664-705x470.jpg 705w, https:\/\/www.funicolarediverona.it\/wp-content\/uploads\/2018\/11\/P61A8664-450x300.jpg 450w, https:\/\/www.funicolarediverona.it\/wp-content\/uploads\/2018\/11\/P61A8664.jpg 1600w\" sizes=\"auto, (max-width: 1030px) 100vw, 1030px\" \/><\/div><\/a><a href=\"https:\/\/www.funicolarediverona.it\/wp-content\/uploads\/2018\/11\/910A5044-1030x687.jpg\" data-srcset=\"https:\/\/www.funicolarediverona.it\/wp-content\/uploads\/2018\/11\/910A5044-1030x687.jpg 1030w, https:\/\/www.funicolarediverona.it\/wp-content\/uploads\/2018\/11\/910A5044-300x200.jpg 300w, https:\/\/www.funicolarediverona.it\/wp-content\/uploads\/2018\/11\/910A5044-768x512.jpg 768w, https:\/\/www.funicolarediverona.it\/wp-content\/uploads\/2018\/11\/910A5044-1500x1000.jpg 1500w, https:\/\/www.funicolarediverona.it\/wp-content\/uploads\/2018\/11\/910A5044-705x470.jpg 705w, https:\/\/www.funicolarediverona.it\/wp-content\/uploads\/2018\/11\/910A5044-450x300.jpg 450w, https:\/\/www.funicolarediverona.it\/wp-content\/uploads\/2018\/11\/910A5044.jpg 1600w\" data-sizes=\"(max-width: 1030px) 100vw, 1030px\" data-rel='gallery-1' data-prev-img='https:\/\/www.funicolarediverona.it\/wp-content\/uploads\/2018\/11\/910A5044-1030x687.jpg' class='lightbox ' data-onclick='27' title='910A5044'  itemprop=\"thumbnailUrl\"  ><img decoding=\"async\" fetchpriority=\"high\" class=\"wp-image-1067 avia-img-lazy-loading-not-1067\"   src=\"https:\/\/www.funicolarediverona.it\/wp-content\/uploads\/2018\/11\/910A5044-495x400.jpg\" width=\"495\" height=\"400\"  title='910A5044' alt='' srcset=\"https:\/\/www.funicolarediverona.it\/wp-content\/uploads\/2018\/11\/910A5044-495x400.jpg 495w, https:\/\/www.funicolarediverona.it\/wp-content\/uploads\/2018\/11\/910A5044-845x684.jpg 845w\" sizes=\"(max-width: 495px) 100vw, 495px\" \/><div class='big-prev-fake'><img decoding=\"async\" loading=\"lazy\" class=\"wp-image-1067 avia-img-lazy-loading-1067\"  width=\"1030\" height=\"687\" src=\"https:\/\/www.funicolarediverona.it\/wp-content\/uploads\/2018\/11\/910A5044-1030x687.jpg\" title='910A5044' alt='' srcset=\"https:\/\/www.funicolarediverona.it\/wp-content\/uploads\/2018\/11\/910A5044-1030x687.jpg 1030w, https:\/\/www.funicolarediverona.it\/wp-content\/uploads\/2018\/11\/910A5044-300x200.jpg 300w, https:\/\/www.funicolarediverona.it\/wp-content\/uploads\/2018\/11\/910A5044-768x512.jpg 768w, https:\/\/www.funicolarediverona.it\/wp-content\/uploads\/2018\/11\/910A5044-1500x1000.jpg 1500w, https:\/\/www.funicolarediverona.it\/wp-content\/uploads\/2018\/11\/910A5044-705x470.jpg 705w, https:\/\/www.funicolarediverona.it\/wp-content\/uploads\/2018\/11\/910A5044-450x300.jpg 450w, https:\/\/www.funicolarediverona.it\/wp-content\/uploads\/2018\/11\/910A5044.jpg 1600w\" sizes=\"auto, (max-width: 1030px) 100vw, 1030px\" \/><\/div><\/a><a href=\"https:\/\/www.funicolarediverona.it\/wp-content\/uploads\/2018\/11\/910A4939-1030x688.jpg\" data-srcset=\"https:\/\/www.funicolarediverona.it\/wp-content\/uploads\/2018\/11\/910A4939-1030x688.jpg 1030w, https:\/\/www.funicolarediverona.it\/wp-content\/uploads\/2018\/11\/910A4939-300x200.jpg 300w, https:\/\/www.funicolarediverona.it\/wp-content\/uploads\/2018\/11\/910A4939-768x513.jpg 768w, https:\/\/www.funicolarediverona.it\/wp-content\/uploads\/2018\/11\/910A4939-1500x1002.jpg 1500w, https:\/\/www.funicolarediverona.it\/wp-content\/uploads\/2018\/11\/910A4939-705x471.jpg 705w, https:\/\/www.funicolarediverona.it\/wp-content\/uploads\/2018\/11\/910A4939-450x301.jpg 450w, https:\/\/www.funicolarediverona.it\/wp-content\/uploads\/2018\/11\/910A4939.jpg 1600w\" data-sizes=\"(max-width: 1030px) 100vw, 1030px\" data-rel='gallery-1' data-prev-img='https:\/\/www.funicolarediverona.it\/wp-content\/uploads\/2018\/11\/910A4939-1030x688.jpg' class='lightbox ' data-onclick='28' title='910A4939'  itemprop=\"thumbnailUrl\"  ><img decoding=\"async\" fetchpriority=\"high\" class=\"wp-image-1068 avia-img-lazy-loading-not-1068\"   src=\"https:\/\/www.funicolarediverona.it\/wp-content\/uploads\/2018\/11\/910A4939-495x400.jpg\" width=\"495\" height=\"400\"  title='910A4939' alt='' srcset=\"https:\/\/www.funicolarediverona.it\/wp-content\/uploads\/2018\/11\/910A4939-495x400.jpg 495w, https:\/\/www.funicolarediverona.it\/wp-content\/uploads\/2018\/11\/910A4939-845x684.jpg 845w\" sizes=\"(max-width: 495px) 100vw, 495px\" \/><div class='big-prev-fake'><img decoding=\"async\" loading=\"lazy\" class=\"wp-image-1068 avia-img-lazy-loading-1068\"  width=\"1030\" height=\"688\" src=\"https:\/\/www.funicolarediverona.it\/wp-content\/uploads\/2018\/11\/910A4939-1030x688.jpg\" title='910A4939' alt='' srcset=\"https:\/\/www.funicolarediverona.it\/wp-content\/uploads\/2018\/11\/910A4939-1030x688.jpg 1030w, https:\/\/www.funicolarediverona.it\/wp-content\/uploads\/2018\/11\/910A4939-300x200.jpg 300w, https:\/\/www.funicolarediverona.it\/wp-content\/uploads\/2018\/11\/910A4939-768x513.jpg 768w, https:\/\/www.funicolarediverona.it\/wp-content\/uploads\/2018\/11\/910A4939-1500x1002.jpg 1500w, https:\/\/www.funicolarediverona.it\/wp-content\/uploads\/2018\/11\/910A4939-705x471.jpg 705w, https:\/\/www.funicolarediverona.it\/wp-content\/uploads\/2018\/11\/910A4939-450x301.jpg 450w, https:\/\/www.funicolarediverona.it\/wp-content\/uploads\/2018\/11\/910A4939.jpg 1600w\" sizes=\"auto, (max-width: 1030px) 100vw, 1030px\" \/><\/div><\/a><a href=\"https:\/\/www.funicolarediverona.it\/wp-content\/uploads\/2018\/11\/P61A9013-1030x617.jpg\" data-srcset=\"https:\/\/www.funicolarediverona.it\/wp-content\/uploads\/2018\/11\/P61A9013-1030x617.jpg 1030w, https:\/\/www.funicolarediverona.it\/wp-content\/uploads\/2018\/11\/P61A9013-300x180.jpg 300w, https:\/\/www.funicolarediverona.it\/wp-content\/uploads\/2018\/11\/P61A9013-768x460.jpg 768w, https:\/\/www.funicolarediverona.it\/wp-content\/uploads\/2018\/11\/P61A9013-1500x898.jpg 1500w, https:\/\/www.funicolarediverona.it\/wp-content\/uploads\/2018\/11\/P61A9013-705x422.jpg 705w, https:\/\/www.funicolarediverona.it\/wp-content\/uploads\/2018\/11\/P61A9013-450x269.jpg 450w, https:\/\/www.funicolarediverona.it\/wp-content\/uploads\/2018\/11\/P61A9013.jpg 1600w\" data-sizes=\"(max-width: 1030px) 100vw, 1030px\" data-rel='gallery-1' data-prev-img='https:\/\/www.funicolarediverona.it\/wp-content\/uploads\/2018\/11\/P61A9013-1030x617.jpg' class='lightbox ' data-onclick='29' title='P61A9013'  itemprop=\"thumbnailUrl\"  ><img decoding=\"async\" fetchpriority=\"high\" class=\"wp-image-1069 avia-img-lazy-loading-not-1069\"   src=\"https:\/\/www.funicolarediverona.it\/wp-content\/uploads\/2018\/11\/P61A9013-495x400.jpg\" width=\"495\" height=\"400\"  title='P61A9013' alt='' srcset=\"https:\/\/www.funicolarediverona.it\/wp-content\/uploads\/2018\/11\/P61A9013-495x400.jpg 495w, https:\/\/www.funicolarediverona.it\/wp-content\/uploads\/2018\/11\/P61A9013-845x684.jpg 845w\" sizes=\"(max-width: 495px) 100vw, 495px\" \/><div class='big-prev-fake'><img decoding=\"async\" loading=\"lazy\" class=\"wp-image-1069 avia-img-lazy-loading-1069\"  width=\"1030\" height=\"617\" src=\"https:\/\/www.funicolarediverona.it\/wp-content\/uploads\/2018\/11\/P61A9013-1030x617.jpg\" title='P61A9013' alt='' srcset=\"https:\/\/www.funicolarediverona.it\/wp-content\/uploads\/2018\/11\/P61A9013-1030x617.jpg 1030w, https:\/\/www.funicolarediverona.it\/wp-content\/uploads\/2018\/11\/P61A9013-300x180.jpg 300w, https:\/\/www.funicolarediverona.it\/wp-content\/uploads\/2018\/11\/P61A9013-768x460.jpg 768w, https:\/\/www.funicolarediverona.it\/wp-content\/uploads\/2018\/11\/P61A9013-1500x898.jpg 1500w, https:\/\/www.funicolarediverona.it\/wp-content\/uploads\/2018\/11\/P61A9013-705x422.jpg 705w, https:\/\/www.funicolarediverona.it\/wp-content\/uploads\/2018\/11\/P61A9013-450x269.jpg 450w, https:\/\/www.funicolarediverona.it\/wp-content\/uploads\/2018\/11\/P61A9013.jpg 1600w\" sizes=\"auto, (max-width: 1030px) 100vw, 1030px\" \/><\/div><\/a><\/div><\/div><\/p><\/div>\n<style type=\"text\/css\" data-created_by=\"avia_inline_auto\" id=\"style-css-av-6vr37-760b4f33e39e41399ee0c0fa06b72f2b\">\n.flex_column.av-6vr37-760b4f33e39e41399ee0c0fa06b72f2b{\nborder-radius:0px 0px 0px 0px;\npadding:0px 0px 0px 0px;\n}\n<\/style>\n<div  class='flex_column av-6vr37-760b4f33e39e41399ee0c0fa06b72f2b av_one_half  avia-builder-el-21  el_after_av_one_half  avia-builder-el-last  flex_column_div av-zero-column-padding  '     ><p>\n<style type=\"text\/css\" data-created_by=\"avia_inline_auto\" id=\"style-css-av-97dw3-19401a4ae43e89fbc28ef522de5a2c2c\">\n#top .av-special-heading.av-97dw3-19401a4ae43e89fbc28ef522de5a2c2c{\npadding-bottom:40px;\nfont-size:34px;\n}\nbody .av-special-heading.av-97dw3-19401a4ae43e89fbc28ef522de5a2c2c .av-special-heading-tag .heading-char{\nfont-size:25px;\n}\n#top #wrap_all .av-special-heading.av-97dw3-19401a4ae43e89fbc28ef522de5a2c2c .av-special-heading-tag{\nfont-size:34px;\n}\n.av-special-heading.av-97dw3-19401a4ae43e89fbc28ef522de5a2c2c .av-subheading{\nfont-size:15px;\n}\n\n@media only screen and (min-width: 480px) and (max-width: 767px){ \n#top #wrap_all .av-special-heading.av-97dw3-19401a4ae43e89fbc28ef522de5a2c2c .av-special-heading-tag{\nfont-size:0.8em;\n}\n}\n\n@media only screen and (max-width: 479px){ \n#top #wrap_all .av-special-heading.av-97dw3-19401a4ae43e89fbc28ef522de5a2c2c .av-special-heading-tag{\nfont-size:0.8em;\n}\n}\n<\/style>\n<div  class='av-special-heading av-97dw3-19401a4ae43e89fbc28ef522de5a2c2c av-special-heading-h1 blockquote modern-quote  avia-builder-el-22  el_before_av_hr  avia-builder-el-first  av-thin-font av-inherit-size'><h1 class='av-special-heading-tag '  itemprop=\"headline\"  >PR\u00d3XIMOS <strong>EVENTOS<\/strong><\/h1><div class=\"special-heading-border\"><div class=\"special-heading-inner-border\"><\/div><\/div><\/div><br \/>\n\n<style type=\"text\/css\" data-created_by=\"avia_inline_auto\" id=\"style-css-av-josuw9ba-c905ddda7991973e6bc001bc354adc21\">\n#top .hr.hr-invisible.av-josuw9ba-c905ddda7991973e6bc001bc354adc21{\nheight:30px;\n}\n<\/style>\n<div  class='hr av-josuw9ba-c905ddda7991973e6bc001bc354adc21 hr-invisible  avia-builder-el-23  el_after_av_heading  el_before_av_button '><span class='hr-inner '><span class=\"hr-inner-style\"><\/span><\/span><\/div><br \/>\n<div  class='avia-button-wrap av-josuxflx-fb87f5b9aa2308c4cd28399310cf3283-wrap avia-button-left  avia-builder-el-24  el_after_av_hr  avia-builder-el-last '><a href='http:\/\/www.funicolarediverona.it\/es\/eventos\/'  class='avia-button av-josuxflx-fb87f5b9aa2308c4cd28399310cf3283 av-link-btn avia-icon_select-yes-left-icon avia-size-large avia-position-left avia-color-theme-color'   aria-label=\"Consultar todos los eventos\"><span class='avia_button_icon avia_button_icon_left avia-iconfont avia-font-entypo-fontello' data-av_icon='\ue832' data-av_iconfont='entypo-fontello' ><\/span><span class='avia_iconbox_title' >Consultar todos los eventos<\/span><\/a><\/div><\/p><\/div>\n<\/p>\n<\/div><\/div><\/div><!-- close content main div --><\/div><\/div>\n<style type=\"text\/css\" data-created_by=\"avia_inline_auto\" id=\"style-css-av-joqy4r06-7ad9b4ddab343c1df2bd5c0718ab677a\">\n.avia-section.av-joqy4r06-7ad9b4ddab343c1df2bd5c0718ab677a .av-parallax .av-parallax-inner{\nbackground-repeat:no-repeat;\nbackground-image:url(https:\/\/www.funicolarediverona.it\/wp-content\/uploads\/2018\/11\/Agec-Funicolare-8-1.jpg);\nbackground-position:0% 50%;\nbackground-attachment:scroll;\n}\n.avia-section.av-joqy4r06-7ad9b4ddab343c1df2bd5c0718ab677a .av-section-color-overlay{\nopacity:0.3;\nbackground-color:#ffffff;\n}\n<\/style>\n<div id='av_section_4'  class='avia-section av-joqy4r06-7ad9b4ddab343c1df2bd5c0718ab677a main_color avia-section-large avia-no-border-styling  avia-builder-el-25  el_after_av_section  el_before_av_section  avia-full-stretch av-parallax-section avia-bg-style-parallax av-section-color-overlay-active av-minimum-height av-minimum-height-75 av-height-75  container_wrap fullsize'  data-section-bg-repeat='stretch' data-av_minimum_height_pc='75' data-av_min_height_opt='75'><div class='av-parallax' data-avia-parallax-ratio='0.3' ><div class='av-parallax-inner main_color avia-full-stretch'><\/div><\/div><div class=\"av-section-color-overlay-wrap\"><div class=\"av-section-color-overlay\"><\/div><div class='container av-section-cont-open' ><div class='template-page content  av-content-full alpha units'><div class='post-entry post-entry-type-page post-entry-1079'><div class='entry-content-wrapper clearfix'>\n\n<style type=\"text\/css\" data-created_by=\"avia_inline_auto\" id=\"style-css-av-1nbla3-98ab4cee3c5c57b21f67c124baff4e3c\">\n.flex_column.av-1nbla3-98ab4cee3c5c57b21f67c124baff4e3c{\nborder-radius:0px 0px 0px 0px;\npadding:0px 0px 0px 0px;\n}\n<\/style>\n<div  class='flex_column av-1nbla3-98ab4cee3c5c57b21f67c124baff4e3c av_one_half  avia-builder-el-26  el_before_av_one_half  avia-builder-el-first  first flex_column_div av-zero-column-padding  '     ><\/div>\n<style type=\"text\/css\" data-created_by=\"avia_inline_auto\" id=\"style-css-av-1csv0r-58d693e2ae66b7c540ca1d6337f44c3f\">\n.flex_column.av-1csv0r-58d693e2ae66b7c540ca1d6337f44c3f{\nborder-radius:0px 0px 0px 0px;\npadding:0px 0px 0px 0px;\n}\n<\/style>\n<div  class='flex_column av-1csv0r-58d693e2ae66b7c540ca1d6337f44c3f av_one_half  avia-builder-el-27  el_after_av_one_half  avia-builder-el-last  flex_column_div av-zero-column-padding  '     ><p>\n<style type=\"text\/css\" data-created_by=\"avia_inline_auto\" id=\"style-css-av-av_heading-f5a9c66b5a357d7482e7d08dac9a86c8\">\n#top .av-special-heading.av-av_heading-f5a9c66b5a357d7482e7d08dac9a86c8{\npadding-bottom:40px;\nfont-size:34px;\n}\nbody .av-special-heading.av-av_heading-f5a9c66b5a357d7482e7d08dac9a86c8 .av-special-heading-tag .heading-char{\nfont-size:25px;\n}\n#top #wrap_all .av-special-heading.av-av_heading-f5a9c66b5a357d7482e7d08dac9a86c8 .av-special-heading-tag{\nfont-size:34px;\n}\n.av-special-heading.av-av_heading-f5a9c66b5a357d7482e7d08dac9a86c8 .av-subheading{\nfont-size:15px;\n}\n\n@media only screen and (min-width: 480px) and (max-width: 767px){ \n#top #wrap_all .av-special-heading.av-av_heading-f5a9c66b5a357d7482e7d08dac9a86c8 .av-special-heading-tag{\nfont-size:0.8em;\n}\n}\n\n@media only screen and (max-width: 479px){ \n#top #wrap_all .av-special-heading.av-av_heading-f5a9c66b5a357d7482e7d08dac9a86c8 .av-special-heading-tag{\nfont-size:0.8em;\n}\n}\n<\/style>\n<div  class='av-special-heading av-av_heading-f5a9c66b5a357d7482e7d08dac9a86c8 av-special-heading-h1 blockquote modern-quote  avia-builder-el-28  el_before_av_iconlist  avia-builder-el-first  av-thin-font av-inherit-size'><h1 class='av-special-heading-tag '  itemprop=\"headline\"  >LAS <strong>ETAPAS<\/strong> DEL FUNICULAR<\/h1><div class=\"special-heading-border\"><div class=\"special-heading-inner-border\"><\/div><\/div><\/div><br \/>\n\n<style type=\"text\/css\" data-created_by=\"avia_inline_auto\" id=\"style-css-av-joqykhm4-9f508227f4089fa65ed37df49347f1a9\">\n#top .avia-icon-list-container.av-joqykhm4-9f508227f4089fa65ed37df49347f1a9 .iconlist_icon{\ncolor:#444444;\nbackground-color:#ffffff;\nborder:1px solid #e2e2e2;\n}\n#top .avia-icon-list-container.av-joqykhm4-9f508227f4089fa65ed37df49347f1a9 .iconlist_icon svg:first-child{\nstroke:#444444;\nfill:#444444;\n}\n<\/style>\n<div  class='avia-icon-list-container av-joqykhm4-9f508227f4089fa65ed37df49347f1a9  avia-builder-el-29  el_after_av_heading  avia-builder-el-last '><ul class='avia-icon-list avia_animate_when_almost_visible avia-icon-list-left av-iconlist-big av-joqykhm4-9f508227f4089fa65ed37df49347f1a9 avia-iconlist-animate'>\n<li><div class='iconlist_icon av-7lik3-1b0b3fbe45a8ed854c1b2648f2ad991c avia-font-entypo-fontello avia-iconfont avia-font-entypo-fontello'><span class='av-icon-char' data-av_icon='\ue8df' data-av_iconfont='entypo-fontello' aria-hidden=\"true\"><\/span><\/div><article class=\"article-icon-entry \"  itemscope=\"itemscope\" itemtype=\"https:\/\/schema.org\/CreativeWork\" ><div class=\"iconlist_content_wrap\"><header class=\"entry-content-header\" aria-label=\"Icon: 1939 - CONSTRUCCI\u00d3N\"><h4 class='av_iconlist_title iconlist_title  '  itemprop=\"headline\" >1939 - CONSTRUCCI\u00d3N<\/h4><\/header><div class='iconlist_content '  itemprop=\"text\" ><p>La Junta municipal establece la construcci\u00f3n del funicular.<\/p>\n<\/div><\/div><footer class=\"entry-footer\"><\/footer><\/article><div class=\"iconlist-timeline\"><\/div><\/li>\n<li><div class='iconlist_icon av-10qpe3-e77d1a226eb1090809d6f6d1bac28c6d avia-font-entypo-fontello avia-iconfont avia-font-entypo-fontello'><span class='av-icon-char' data-av_icon='\ue82a' data-av_iconfont='entypo-fontello' aria-hidden=\"true\"><\/span><\/div><article class=\"article-icon-entry \"  itemscope=\"itemscope\" itemtype=\"https:\/\/schema.org\/CreativeWork\" ><div class=\"iconlist_content_wrap\"><header class=\"entry-content-header\" aria-label=\"Icon: 1941 - INAUGURACI\u00d3N\"><h4 class='av_iconlist_title iconlist_title  '  itemprop=\"headline\" >1941 - INAUGURACI\u00d3N<\/h4><\/header><div class='iconlist_content '  itemprop=\"text\" ><p>El 22 de octubre, el funicular entra en servicio para los estudiantes y profesores de la Academia de Bellas Artes.<\/p>\n<\/div><\/div><footer class=\"entry-footer\"><\/footer><\/article><div class=\"iconlist-timeline\"><\/div><\/li>\n<li><div class='iconlist_icon av-yg7hf-b94e8749d232608df48fabaa88ba6e54 avia-font-entypo-fontello avia-iconfont avia-font-entypo-fontello'><span class='av-icon-char' data-av_icon='\ue825' data-av_iconfont='entypo-fontello' aria-hidden=\"true\"><\/span><\/div><article class=\"article-icon-entry \"  itemscope=\"itemscope\" itemtype=\"https:\/\/schema.org\/CreativeWork\" ><div class=\"iconlist_content_wrap\"><header class=\"entry-content-header\" aria-label=\"Icon: 1943 - ApertAPERTURAura\"><h4 class='av_iconlist_title iconlist_title  '  itemprop=\"headline\" >1943 - ApertAPERTURAura<\/h4><\/header><div class='iconlist_content '  itemprop=\"text\" ><p>El 24 de abril, el funicular se abre al p\u00fablico.<\/p>\n<\/div><\/div><footer class=\"entry-footer\"><\/footer><\/article><div class=\"iconlist-timeline\"><\/div><\/li>\n<li><div class='iconlist_icon av-pu8j7-f689a404bda6c6553a24ce1859128696 avia-font-entypo-fontello avia-iconfont avia-font-entypo-fontello'><span class='av-icon-char' data-av_icon='\ue824' data-av_iconfont='entypo-fontello' aria-hidden=\"true\"><\/span><\/div><article class=\"article-icon-entry \"  itemscope=\"itemscope\" itemtype=\"https:\/\/schema.org\/CreativeWork\" ><div class=\"iconlist_content_wrap\"><header class=\"entry-content-header\" aria-label=\"Icon: 1944 - CIERRE\"><h4 class='av_iconlist_title iconlist_title  '  itemprop=\"headline\" >1944 - CIERRE<\/h4><\/header><div class='iconlist_content '  itemprop=\"text\" ><p>El servicio de transporte se interrumpe durante la guerra y no se vuelve a reanudar.<\/p>\n<\/div><\/div><footer class=\"entry-footer\"><\/footer><\/article><div class=\"iconlist-timeline\"><\/div><\/li>\n<li><div class='iconlist_icon av-av_iconlist_item-bbbc5faa7846c0950f69d4432a1f71bb avia-font-funicolare avia-iconfont avia-font-funicolare'><span class='av-icon-char' data-av_icon='\ue800' data-av_iconfont='funicolare' aria-hidden=\"true\"><\/span><\/div><article class=\"article-icon-entry \"  itemscope=\"itemscope\" itemtype=\"https:\/\/schema.org\/CreativeWork\" ><div class=\"iconlist_content_wrap\"><header class=\"entry-content-header\" aria-label=\"Icon: 1975 - TEATRO LABORATORIO\"><h4 class='av_iconlist_title iconlist_title  '  itemprop=\"headline\" >1975 - TEATRO LABORATORIO<\/h4><\/header><div class='iconlist_content '  itemprop=\"text\" ><p>La estaci\u00f3n de salida se convierte en la sede del Teatro Laboratorio de Verona.<\/p>\n<\/div><\/div><footer class=\"entry-footer\"><\/footer><\/article><div class=\"iconlist-timeline\"><\/div><\/li>\n<li><div class='iconlist_icon av-1h9jn-3b5ab2b7f3c66a2534adb2e1641760c2 avia-font-entypo-fontello avia-iconfont avia-font-entypo-fontello'><span class='av-icon-char' data-av_icon='\ue856' data-av_iconfont='entypo-fontello' aria-hidden=\"true\"><\/span><\/div><article class=\"article-icon-entry \"  itemscope=\"itemscope\" itemtype=\"https:\/\/schema.org\/CreativeWork\" ><div class=\"iconlist_content_wrap\"><header class=\"entry-content-header\" aria-label=\"Icon: 2011 - PROYECTO DE RESTAURACI\u00d3N\"><h4 class='av_iconlist_title iconlist_title  '  itemprop=\"headline\" >2011 - PROYECTO DE RESTAURACI\u00d3N<\/h4><\/header><div class='iconlist_content '  itemprop=\"text\" ><p>Nace el proyecto de restauraci\u00f3n del funicular.<\/p>\n<\/div><\/div><footer class=\"entry-footer\"><\/footer><\/article><div class=\"iconlist-timeline\"><\/div><\/li>\n<li><div class='iconlist_icon av-7psvn-a048ed2e21b28c10275d7fef06d38053 avia-font-entypo-fontello avia-iconfont avia-font-entypo-fontello'><span class='av-icon-char' data-av_icon='\ue82a' data-av_iconfont='entypo-fontello' aria-hidden=\"true\"><\/span><\/div><article class=\"article-icon-entry \"  itemscope=\"itemscope\" itemtype=\"https:\/\/schema.org\/CreativeWork\" ><div class=\"iconlist_content_wrap\"><header class=\"entry-content-header\" aria-label=\"Icon: 2017 - INAUGURACI\u00d3N DEL NUEVO FUNICULAR\"><h4 class='av_iconlist_title iconlist_title  '  itemprop=\"headline\" >2017 - INAUGURACI\u00d3N DEL NUEVO FUNICULAR<\/h4><\/header><div class='iconlist_content '  itemprop=\"text\" ><p>El 9 de junio se reabre el funicular, equipado con un nuevo y moderno ascensor inclinado.<\/p>\n<\/div><\/div><footer class=\"entry-footer\"><\/footer><\/article><div class=\"iconlist-timeline\"><\/div><\/li>\n<\/ul><\/div><\/p><\/div>\n\n<\/div><\/div><\/div><!-- close content main div --><\/div><\/div><\/div><div id='av_section_5'  class='avia-section av-1scczv-4e78cae65bb8839c693fc5657b32da7e main_color avia-section-default avia-no-border-styling  avia-builder-el-30  el_after_av_section  el_before_av_codeblock  avia-bg-style-scroll container_wrap fullsize'  ><div class='container av-section-cont-open' ><div class='template-page content  av-content-full alpha units'><div class='post-entry post-entry-type-page post-entry-1079'><div class='entry-content-wrapper clearfix'>\n\n<style type=\"text\/css\" data-created_by=\"avia_inline_auto\" id=\"style-css-av-13a857-da067a86942204a3db7246a527484231\">\n#top .av-special-heading.av-13a857-da067a86942204a3db7246a527484231{\npadding-bottom:40px;\nfont-size:34px;\n}\nbody .av-special-heading.av-13a857-da067a86942204a3db7246a527484231 .av-special-heading-tag .heading-char{\nfont-size:25px;\n}\n#top #wrap_all .av-special-heading.av-13a857-da067a86942204a3db7246a527484231 .av-special-heading-tag{\nfont-size:34px;\n}\n.av-special-heading.av-13a857-da067a86942204a3db7246a527484231 .av-subheading{\nfont-size:15px;\n}\n\n@media only screen and (min-width: 480px) and (max-width: 767px){ \n#top #wrap_all .av-special-heading.av-13a857-da067a86942204a3db7246a527484231 .av-special-heading-tag{\nfont-size:0.8em;\n}\n}\n\n@media only screen and (max-width: 479px){ \n#top #wrap_all .av-special-heading.av-13a857-da067a86942204a3db7246a527484231 .av-special-heading-tag{\nfont-size:0.8em;\n}\n}\n<\/style>\n<div  class='av-special-heading av-13a857-da067a86942204a3db7246a527484231 av-special-heading-h1 blockquote modern-quote  avia-builder-el-31  el_before_av_three_fourth  avia-builder-el-first  av-thin-font av-inherit-size'><h1 class='av-special-heading-tag '  itemprop=\"headline\"  >C\u00d3MO <strong>LLEGAR<\/strong><\/h1><div class=\"special-heading-border\"><div class=\"special-heading-inner-border\"><\/div><\/div><\/div>\n\n<style type=\"text\/css\" data-created_by=\"avia_inline_auto\" id=\"style-css-av-1lfnaj-a175fd6edb961cd7c03589900c743af2\">\n.flex_column.av-1lfnaj-a175fd6edb961cd7c03589900c743af2{\nborder-radius:0px 0px 0px 0px;\npadding:0px 0px 0px 0px;\n}\n<\/style>\n<div  class='flex_column av-1lfnaj-a175fd6edb961cd7c03589900c743af2 av_three_fourth  avia-builder-el-32  el_after_av_heading  el_before_av_one_fourth  first flex_column_div av-zero-column-padding  '     ><\/div>\n<style type=\"text\/css\" data-created_by=\"avia_inline_auto\" id=\"style-css-av-1hdq7f-95d77123f9ff73392262ed562a788604\">\n.flex_column.av-1hdq7f-95d77123f9ff73392262ed562a788604{\nborder-radius:0px 0px 0px 0px;\npadding:0px 0px 0px 0px;\n}\n<\/style>\n<div  class='flex_column av-1hdq7f-95d77123f9ff73392262ed562a788604 av_one_fourth  avia-builder-el-34  el_after_av_three_fourth  avia-builder-el-last  flex_column_div av-zero-column-padding  '     ><p>\n<style type=\"text\/css\" data-created_by=\"avia_inline_auto\" id=\"style-css-av-joqyv6x8-e3e1348c3ab964e56e10a7a9f7fd8f4b\">\n.av_font_icon.av-joqyv6x8-e3e1348c3ab964e56e10a7a9f7fd8f4b{\ncolor:#222222;\nborder-color:#222222;\n}\n.avia-svg-icon.av-joqyv6x8-e3e1348c3ab964e56e10a7a9f7fd8f4b svg:first-child{\nstroke:#222222;\nfill:#222222;\n}\n.av_font_icon.av-joqyv6x8-e3e1348c3ab964e56e10a7a9f7fd8f4b .av-icon-char{\nfont-size:40px;\nline-height:40px;\n}\n<\/style>\n<span  class='av_font_icon av-joqyv6x8-e3e1348c3ab964e56e10a7a9f7fd8f4b avia_animate_when_visible av-icon-style- avia-icon-pos-center avia-iconfont avia-font-entypo-fontello avia-icon-animate'><span class='av-icon-char' data-av_icon='\ue862' data-av_iconfont='entypo-fontello' aria-hidden=\"true\" ><\/span><\/span><br \/>\n\n<style type=\"text\/css\" data-created_by=\"avia_inline_auto\" id=\"style-css-av-x0943-7e762b5e8d156c66fc71a770be58a01f\">\n#top .av-special-heading.av-x0943-7e762b5e8d156c66fc71a770be58a01f{\npadding-bottom:0;\n}\nbody .av-special-heading.av-x0943-7e762b5e8d156c66fc71a770be58a01f .av-special-heading-tag .heading-char{\nfont-size:25px;\n}\n.av-special-heading.av-x0943-7e762b5e8d156c66fc71a770be58a01f .av-subheading{\nfont-size:15px;\n}\n<\/style>\n<div  class='av-special-heading av-x0943-7e762b5e8d156c66fc71a770be58a01f av-special-heading-h3 blockquote modern-quote modern-centered  avia-builder-el-36  el_after_av_font_icon  el_before_av_table '><h3 class='av-special-heading-tag '  itemprop=\"headline\"  >HORARIO DE APERTURA<\/h3><div class=\"special-heading-border\"><div class=\"special-heading-inner-border\"><\/div><\/div><\/div><br \/>\n<div  class='avia-table av-16jnrn-42f8e70e7f6e5c7ea360b868acc26f87 main_color avia-pricing-table-container avia_pricing_default  avia-builder-el-37  el_after_av_heading  avia-builder-el-last  avia-table-1'  itemscope=\"itemscope\" itemtype=\"https:\/\/schema.org\/Table\" ><div class=\"pricing-table-wrap\"><ul class='pricing-table '><li class=''><div class='first-table-item'>Horario de verano:<br \/>\n10:00 \u2013 21:00<\/div><span class='pricing-extra'><\/span><\/li><li class=''>Horario de invierno:<br \/>\n10:00 \u2013 17:00<\/li><\/ul><\/div><\/div><\/p><\/div>\n<\/div><\/div><\/div><!-- close content main div --><\/div><\/div><div id='after_section_5'  class='main_color av_default_container_wrap container_wrap fullsize'  ><div class='container av-section-cont-open' ><div class='template-page content  av-content-full alpha units'><div class='post-entry post-entry-type-page post-entry-1079'><div class='entry-content-wrapper clearfix'>\n\n","protected":false},"excerpt":{"rendered":"","protected":false},"author":1,"featured_media":0,"parent":0,"menu_order":0,"comment_status":"closed","ping_status":"closed","template":"","meta":{"footnotes":""},"class_list":["post-1079","page","type-page","status-publish","hentry"],"_links":{"self":[{"href":"https:\/\/www.funicolarediverona.it\/es\/wp-json\/wp\/v2\/pages\/1079","targetHints":{"allow":["GET"]}}],"collection":[{"href":"https:\/\/www.funicolarediverona.it\/es\/wp-json\/wp\/v2\/pages"}],"about":[{"href":"https:\/\/www.funicolarediverona.it\/es\/wp-json\/wp\/v2\/types\/page"}],"author":[{"embeddable":true,"href":"https:\/\/www.funicolarediverona.it\/es\/wp-json\/wp\/v2\/users\/1"}],"replies":[{"embeddable":true,"href":"https:\/\/www.funicolarediverona.it\/es\/wp-json\/wp\/v2\/comments?post=1079"}],"version-history":[{"count":30,"href":"https:\/\/www.funicolarediverona.it\/es\/wp-json\/wp\/v2\/pages\/1079\/revisions"}],"predecessor-version":[{"id":2174,"href":"https:\/\/www.funicolarediverona.it\/es\/wp-json\/wp\/v2\/pages\/1079\/revisions\/2174"}],"wp:attachment":[{"href":"https:\/\/www.funicolarediverona.it\/es\/wp-json\/wp\/v2\/media?parent=1079"}],"curies":[{"name":"wp","href":"https:\/\/api.w.org\/{rel}","templated":true}]}}